{"id":7985,"date":"2022-12-16T12:47:46","date_gmt":"2022-12-16T11:47:46","guid":{"rendered":"http:\/\/growe.hosting-kitchen.de\/?page_id=7985"},"modified":"2022-12-16T12:51:02","modified_gmt":"2022-12-16T11:51:02","slug":"newsletter","status":"publish","type":"page","link":"https:\/\/www.rollladen-growe.de\/newsletter\/","title":{"rendered":"Newsletter"},"content":{"rendered":"\t\t<div data-elementor-type=\"wp-page\" data-elementor-id=\"7985\" class=\"elementor elementor-7985\" data-elementor-post-type=\"page\">\n\t\t\t\t\t\t<section class=\"elementor-section elementor-top-section elementor-element elementor-element-620128f elementor-section-boxed elementor-section-height-default elementor-section-height-default\" data-id=\"620128f\" data-element_type=\"section\" data-e-type=\"section\" data-settings=\"{&quot;background_background&quot;:&quot;classic&quot;}\">\n\t\t\t\t\t\t<div class=\"elementor-container elementor-column-gap-default\">\n\t\t\t\t\t<div class=\"elementor-column elementor-col-100 elementor-top-column elementor-element elementor-element-e8a07b7\" data-id=\"e8a07b7\" data-element_type=\"column\" data-e-type=\"column\">\n\t\t\t<div class=\"elementor-widget-wrap elementor-element-populated\">\n\t\t\t\t\t\t<section class=\"elementor-section elementor-inner-section elementor-element elementor-element-c4da989 elementor-section-height-min-height elementor-section-boxed elementor-section-height-default\" data-id=\"c4da989\" data-element_type=\"section\" data-e-type=\"section\">\n\t\t\t\t\t\t<div class=\"elementor-container elementor-column-gap-default\">\n\t\t\t\t\t<div class=\"elementor-column elementor-col-50 elementor-inner-column elementor-element elementor-element-763c72b\" data-id=\"763c72b\" data-element_type=\"column\" data-e-type=\"column\">\n\t\t\t<div class=\"elementor-widget-wrap elementor-element-populated\">\n\t\t\t\t\t\t<div class=\"elementor-element elementor-element-7860659 elementor-widget__width-auto elementor-view-stacked elementor-shape-circle elementor-widget elementor-widget-icon\" data-id=\"7860659\" data-element_type=\"widget\" data-e-type=\"widget\" data-widget_type=\"icon.default\">\n\t\t\t\t<div class=\"elementor-widget-container\">\n\t\t\t\t\t\t\t<div class=\"elementor-icon-wrapper\">\n\t\t\t<div class=\"elementor-icon\">\n\t\t\t<svg xmlns=\"http:\/\/www.w3.org\/2000\/svg\" id=\"Ebene_1\" viewBox=\"0 0 100 100\"><path d=\"M70.8,81.66V13.19c0-1.36-1.1-2.46-2.46-2.46H10.52c-1.36,0-2.46,1.1-2.46,2.46v63.56c0,6.77,5.51,12.29,12.29,12.29h52.92c-1.55-2.06-2.46-4.61-2.46-7.37ZM21.17,57.91h7.86c1.36,0,2.46,1.1,2.46,2.46s-1.1,2.46-2.46,2.46h-7.86c-1.36,0-2.46-1.1-2.46-2.46s1.1-2.46,2.46-2.46Zm-2.46-8.03c0-1.36,1.1-2.46,2.46-2.46h7.86c1.36,0,2.46,1.1,2.46,2.46s-1.1,2.46-2.46,2.46h-7.86c-1.36,0-2.46-1.1-2.46-2.46Zm39.15,27.36H21.17c-1.36,0-2.46-1.1-2.46-2.46s1.1-2.46,2.46-2.46H57.86c1.36,0,2.46,1.1,2.46,2.46s-1.1,2.46-2.46,2.46Zm2.46-12.94c0,1.36-1.1,2.46-2.46,2.46h-18.35c-1.36,0-2.46-1.1-2.46-2.46v-18.35c0-1.36,1.1-2.46,2.46-2.46h18.35c1.36,0,2.46,1.1,2.46,2.46v18.35Zm-2.46-26.37H21.17c-1.36,0-2.46-1.1-2.46-2.46s1.1-2.46,2.46-2.46H57.86c1.36,0,2.46,1.1,2.46,2.46s-1.1,2.46-2.46,2.46Zm0-10.48H21.17c-1.36,0-2.46-1.1-2.46-2.46s1.1-2.46,2.46-2.46H57.86c1.36,0,2.46,1.1,2.46,2.46s-1.1,2.46-2.46,2.46Z\"><\/path><path d=\"M41.97,48.41h13.43v13.43h-13.43v-13.43Z\"><\/path><path d=\"M89.48,27.77h-13.76c0,55.68,0,53.9,.01,53.9,.21,3.43,2.56,6.28,5.72,7.25,5.07,1.55,10.26-2.12,10.47-7.43,.01,0,0,1.23,0-51.26,0-1.36-1.1-2.46-2.46-2.46h0Z\"><\/path><\/svg>\t\t\t<\/div>\n\t\t<\/div>\n\t\t\t\t\t\t<\/div>\n\t\t\t\t<\/div>\n\t\t\t\t<div class=\"elementor-element elementor-element-ac47494 elementor-widget__width-auto elementor-widget elementor-widget-heading\" data-id=\"ac47494\" data-element_type=\"widget\" data-e-type=\"widget\" data-widget_type=\"heading.default\">\n\t\t\t\t<div class=\"elementor-widget-container\">\n\t\t\t\t\t<h1 class=\"elementor-heading-title elementor-size-default\">News<\/h1>\t\t\t\t<\/div>\n\t\t\t\t<\/div>\n\t\t\t\t\t<\/div>\n\t\t<\/div>\n\t\t\t\t<div class=\"elementor-column elementor-col-50 elementor-inner-column elementor-element elementor-element-c6945a2 elementor-hidden-tablet elementor-hidden-mobile\" data-id=\"c6945a2\" data-element_type=\"column\" data-e-type=\"column\">\n\t\t\t<div class=\"elementor-widget-wrap\">\n\t\t\t\t\t\t\t<\/div>\n\t\t<\/div>\n\t\t\t\t\t<\/div>\n\t\t<\/section>\n\t\t\t\t\t<\/div>\n\t\t<\/div>\n\t\t\t\t\t<\/div>\n\t\t<\/section>\n\t\t\t\t<section class=\"elementor-section elementor-top-section elementor-element elementor-element-f475bd0 elementor-section-boxed elementor-section-height-default elementor-section-height-default\" data-id=\"f475bd0\" data-element_type=\"section\" data-e-type=\"section\">\n\t\t\t\t\t\t<div class=\"elementor-container elementor-column-gap-default\">\n\t\t\t\t\t<div class=\"elementor-column elementor-col-100 elementor-top-column elementor-element elementor-element-893d635\" data-id=\"893d635\" data-element_type=\"column\" data-e-type=\"column\">\n\t\t\t<div class=\"elementor-widget-wrap elementor-element-populated\">\n\t\t\t\t\t\t<section class=\"elementor-section elementor-inner-section elementor-element elementor-element-55cb9a5 elementor-section-boxed elementor-section-height-default elementor-section-height-default\" data-id=\"55cb9a5\" data-element_type=\"section\" data-e-type=\"section\">\n\t\t\t\t\t\t<div class=\"elementor-container elementor-column-gap-default\">\n\t\t\t\t\t<div class=\"elementor-column elementor-col-100 elementor-inner-column elementor-element elementor-element-f05ce85\" data-id=\"f05ce85\" data-element_type=\"column\" data-e-type=\"column\">\n\t\t\t<div class=\"elementor-widget-wrap elementor-element-populated\">\n\t\t\t\t\t\t<div class=\"elementor-element elementor-element-245d35e elementor-grid-2 elementor-grid-tablet-2 elementor-grid-mobile-1 elementor-posts--thumbnail-top elementor-widget elementor-widget-posts\" data-id=\"245d35e\" data-element_type=\"widget\" data-e-type=\"widget\" data-settings=\"{&quot;classic_columns&quot;:&quot;2&quot;,&quot;classic_columns_tablet&quot;:&quot;2&quot;,&quot;classic_columns_mobile&quot;:&quot;1&quot;,&quot;classic_row_gap&quot;:{&quot;unit&quot;:&quot;px&quot;,&quot;size&quot;:35,&quot;sizes&quot;:[]},&quot;classic_row_gap_tablet&quot;:{&quot;unit&quot;:&quot;px&quot;,&quot;size&quot;:&quot;&quot;,&quot;sizes&quot;:[]},&quot;classic_row_gap_mobile&quot;:{&quot;unit&quot;:&quot;px&quot;,&quot;size&quot;:&quot;&quot;,&quot;sizes&quot;:[]}}\" data-widget_type=\"posts.classic\">\n\t\t\t\t<div class=\"elementor-widget-container\">\n\t\t\t\t\t\t\t<div class=\"elementor-posts-container elementor-posts elementor-posts--skin-classic elementor-grid\" role=\"list\">\n\t\t\t\t<article class=\"elementor-post elementor-grid-item post-13780 post type-post status-publish format-standard has-post-thumbnail hentry category-allgemein\" role=\"listitem\">\n\t\t\t\t<a class=\"elementor-post__thumbnail__link\" href=\"https:\/\/www.rollladen-growe.de\/nachbericht-fensterbau-frontale-2026\/\" tabindex=\"-1\" >\n\t\t\t<div class=\"elementor-post__thumbnail\"><img fetchpriority=\"high\" decoding=\"async\" width=\"659\" height=\"282\" src=\"https:\/\/www.rollladen-growe.de\/wp-content\/uploads\/2026\/04\/Messe_Thumbnail.jpg\" class=\"attachment-full size-full wp-image-13797\" alt=\"\" srcset=\"https:\/\/www.rollladen-growe.de\/wp-content\/uploads\/2026\/04\/Messe_Thumbnail.jpg 659w, https:\/\/www.rollladen-growe.de\/wp-content\/uploads\/2026\/04\/Messe_Thumbnail-300x128.jpg 300w\" sizes=\"(max-width: 659px) 100vw, 659px\" \/><\/div>\n\t\t<\/a>\n\t\t\t\t<div class=\"elementor-post__text\">\n\t\t\t\t<h3 class=\"elementor-post__title\">\n\t\t\t<a href=\"https:\/\/www.rollladen-growe.de\/nachbericht-fensterbau-frontale-2026\/\" >\n\t\t\t\tNachbericht Fensterbau Frontale 2026\t\t\t<\/a>\n\t\t<\/h3>\n\t\t\t\t<div class=\"elementor-post__excerpt\">\n\t\t\t<p>Auf der Fensterbau Frontale 2026 in Nu\u0308rnberg hat GROWE\/ROLTEX ihr Produktportfolio konsequent entlang der Anforderungen aus Planung, Fertigung und Montage pr\u00e4sentiert. Der als Marktplatz gestaltete Messestand bot Raum fu\u0308r detaillierte Fachgespr\u00e4che zu Systemaufbauten, Schnittstellen und technischen Weiterentwicklungen.<\/p>\n\t\t<\/div>\n\t\t\n\t\t<a class=\"elementor-post__read-more\" href=\"https:\/\/www.rollladen-growe.de\/nachbericht-fensterbau-frontale-2026\/\" aria-label=\"Mehr \u00fcber Nachbericht Fensterbau Frontale 2026\" tabindex=\"-1\" >\n\t\t\tMehr Informationen\t\t<\/a>\n\n\t\t\t\t<\/div>\n\t\t\t\t<\/article>\n\t\t\t\t<article class=\"elementor-post elementor-grid-item post-13667 post type-post status-publish format-standard has-post-thumbnail hentry category-newsletter category-2026-03\" role=\"listitem\">\n\t\t\t\t<a class=\"elementor-post__thumbnail__link\" href=\"https:\/\/www.rollladen-growe.de\/vorbaukaesten-fuehrungsschienen\/\" tabindex=\"-1\" >\n\t\t\t<div class=\"elementor-post__thumbnail\"><img decoding=\"async\" width=\"659\" height=\"282\" src=\"https:\/\/www.rollladen-growe.de\/wp-content\/uploads\/2026\/04\/Thumbnail_Farben.jpg\" class=\"attachment-full size-full wp-image-13668\" alt=\"\" srcset=\"https:\/\/www.rollladen-growe.de\/wp-content\/uploads\/2026\/04\/Thumbnail_Farben.jpg 659w, https:\/\/www.rollladen-growe.de\/wp-content\/uploads\/2026\/04\/Thumbnail_Farben-300x128.jpg 300w\" sizes=\"(max-width: 659px) 100vw, 659px\" \/><\/div>\n\t\t<\/a>\n\t\t\t\t<div class=\"elementor-post__text\">\n\t\t\t\t<h3 class=\"elementor-post__title\">\n\t\t\t<a href=\"https:\/\/www.rollladen-growe.de\/vorbaukaesten-fuehrungsschienen\/\" >\n\t\t\t\tVorbauk\u00e4sten &#038; F\u00fchrungsschienen\t\t\t<\/a>\n\t\t<\/h3>\n\t\t\t\t<div class=\"elementor-post__excerpt\">\n\t\t\t<p>Ab dem 01.07.2026 wird bei Vorbauelementen die Standardfarbe von RAL 7016 gl\u00e4nzend auf matt umgestellt, w\u00e4hrend die gl\u00e4nzende Ausf\u00fchrung nur noch auf Kundenwunsch erh\u00e4ltlich ist.<\/p>\n\t\t<\/div>\n\t\t\n\t\t<a class=\"elementor-post__read-more\" href=\"https:\/\/www.rollladen-growe.de\/vorbaukaesten-fuehrungsschienen\/\" aria-label=\"Mehr \u00fcber Vorbauk\u00e4sten &#038; F\u00fchrungsschienen\" tabindex=\"-1\" >\n\t\t\tMehr Informationen\t\t<\/a>\n\n\t\t\t\t<\/div>\n\t\t\t\t<\/article>\n\t\t\t\t<article class=\"elementor-post elementor-grid-item post-13663 post type-post status-publish format-standard has-post-thumbnail hentry category-newsletter category-2026-03\" role=\"listitem\">\n\t\t\t\t<a class=\"elementor-post__thumbnail__link\" href=\"https:\/\/www.rollladen-growe.de\/vorbau-raffstore\/\" tabindex=\"-1\" >\n\t\t\t<div class=\"elementor-post__thumbnail\"><img decoding=\"async\" width=\"659\" height=\"282\" src=\"https:\/\/www.rollladen-growe.de\/wp-content\/uploads\/2026\/04\/Vorbau_Thumbnail_2026-04.jpg\" class=\"attachment-full size-full wp-image-13664\" alt=\"\" srcset=\"https:\/\/www.rollladen-growe.de\/wp-content\/uploads\/2026\/04\/Vorbau_Thumbnail_2026-04.jpg 659w, https:\/\/www.rollladen-growe.de\/wp-content\/uploads\/2026\/04\/Vorbau_Thumbnail_2026-04-300x128.jpg 300w\" sizes=\"(max-width: 659px) 100vw, 659px\" \/><\/div>\n\t\t<\/a>\n\t\t\t\t<div class=\"elementor-post__text\">\n\t\t\t\t<h3 class=\"elementor-post__title\">\n\t\t\t<a href=\"https:\/\/www.rollladen-growe.de\/vorbau-raffstore\/\" >\n\t\t\t\tVorbau Raffstore\t\t\t<\/a>\n\t\t<\/h3>\n\t\t\t\t<div class=\"elementor-post__excerpt\">\n\t\t\t<p>Die F\u00fchrungsschiene ALU-FS A44 wird kurzfristig durch die neue ALU-FS A49 ersetzt, w\u00e4hrend die NK24-Einlage weiterhin als Raffstoref\u00fchrung genutzt wird. <\/p>\n\t\t<\/div>\n\t\t\n\t\t<a class=\"elementor-post__read-more\" href=\"https:\/\/www.rollladen-growe.de\/vorbau-raffstore\/\" aria-label=\"Mehr \u00fcber Vorbau Raffstore\" tabindex=\"-1\" >\n\t\t\tMehr Informationen\t\t<\/a>\n\n\t\t\t\t<\/div>\n\t\t\t\t<\/article>\n\t\t\t\t<article class=\"elementor-post elementor-grid-item post-13654 post type-post status-publish format-standard has-post-thumbnail hentry category-newsletter category-2026-03\" role=\"listitem\">\n\t\t\t\t<a class=\"elementor-post__thumbnail__link\" href=\"https:\/\/www.rollladen-growe.de\/absturzsichernde-verglasung\/\" tabindex=\"-1\" >\n\t\t\t<div class=\"elementor-post__thumbnail\"><img loading=\"lazy\" decoding=\"async\" width=\"659\" height=\"282\" src=\"https:\/\/www.rollladen-growe.de\/wp-content\/uploads\/2026\/04\/Haus_Thumbnail.jpg\" class=\"attachment-full size-full wp-image-13655\" alt=\"\" srcset=\"https:\/\/www.rollladen-growe.de\/wp-content\/uploads\/2026\/04\/Haus_Thumbnail.jpg 659w, https:\/\/www.rollladen-growe.de\/wp-content\/uploads\/2026\/04\/Haus_Thumbnail-300x128.jpg 300w\" sizes=\"(max-width: 659px) 100vw, 659px\" \/><\/div>\n\t\t<\/a>\n\t\t\t\t<div class=\"elementor-post__text\">\n\t\t\t\t<h3 class=\"elementor-post__title\">\n\t\t\t<a href=\"https:\/\/www.rollladen-growe.de\/absturzsichernde-verglasung\/\" >\n\t\t\t\tAbsturzsichernde Verglasung\t\t\t<\/a>\n\t\t<\/h3>\n\t\t\t\t<div class=\"elementor-post__excerpt\">\n\t\t\t<p>Das ASV-F\u00fchrungsschienensystem in PVC und Aluminium erm\u00f6glicht eine hochwertige, integrierte absturzsichernde Verglasung f\u00fcr die Systeme PAKTO\u00ae, ELITE XT und Vorbau.<\/p>\n\t\t<\/div>\n\t\t\n\t\t<a class=\"elementor-post__read-more\" href=\"https:\/\/www.rollladen-growe.de\/absturzsichernde-verglasung\/\" aria-label=\"Mehr \u00fcber Absturzsichernde Verglasung\" tabindex=\"-1\" >\n\t\t\tMehr Informationen\t\t<\/a>\n\n\t\t\t\t<\/div>\n\t\t\t\t<\/article>\n\t\t\t\t<article class=\"elementor-post elementor-grid-item post-13645 post type-post status-publish format-standard has-post-thumbnail hentry category-newsletter category-2026-03\" role=\"listitem\">\n\t\t\t\t<a class=\"elementor-post__thumbnail__link\" href=\"https:\/\/www.rollladen-growe.de\/sun-tex-fassade\/\" tabindex=\"-1\" >\n\t\t\t<div class=\"elementor-post__thumbnail\"><img loading=\"lazy\" decoding=\"async\" width=\"659\" height=\"282\" src=\"https:\/\/www.rollladen-growe.de\/wp-content\/uploads\/2026\/04\/Fassade_Thumbnail_2026-04.jpg\" class=\"attachment-full size-full wp-image-13646\" alt=\"\" srcset=\"https:\/\/www.rollladen-growe.de\/wp-content\/uploads\/2026\/04\/Fassade_Thumbnail_2026-04.jpg 659w, https:\/\/www.rollladen-growe.de\/wp-content\/uploads\/2026\/04\/Fassade_Thumbnail_2026-04-300x128.jpg 300w\" sizes=\"(max-width: 659px) 100vw, 659px\" \/><\/div>\n\t\t<\/a>\n\t\t\t\t<div class=\"elementor-post__text\">\n\t\t\t\t<h3 class=\"elementor-post__title\">\n\t\t\t<a href=\"https:\/\/www.rollladen-growe.de\/sun-tex-fassade\/\" >\n\t\t\t\tSUN-TEX Fassade\t\t\t<\/a>\n\t\t<\/h3>\n\t\t\t\t<div class=\"elementor-post__excerpt\">\n\t\t\t<p>Mit der neuen F\u00fchrungsschiene GR37 l\u00e4sst sich das SUN-TEX-Sonnenschutzsystem flexibel und \u00e4sthetisch in Pfosten-Riegel-Fassaden integrieren.<\/p>\n\t\t<\/div>\n\t\t\n\t\t<a class=\"elementor-post__read-more\" href=\"https:\/\/www.rollladen-growe.de\/sun-tex-fassade\/\" aria-label=\"Mehr \u00fcber SUN-TEX Fassade\" tabindex=\"-1\" >\n\t\t\tMehr Informationen\t\t<\/a>\n\n\t\t\t\t<\/div>\n\t\t\t\t<\/article>\n\t\t\t\t<article class=\"elementor-post elementor-grid-item post-13631 post type-post status-publish format-standard has-post-thumbnail hentry category-newsletter category-2026-03\" role=\"listitem\">\n\t\t\t\t<a class=\"elementor-post__thumbnail__link\" href=\"https:\/\/www.rollladen-growe.de\/pakto-belueftung-mit-siegenia\/\" tabindex=\"-1\" >\n\t\t\t<div class=\"elementor-post__thumbnail\"><img loading=\"lazy\" decoding=\"async\" width=\"659\" height=\"282\" src=\"https:\/\/www.rollladen-growe.de\/wp-content\/uploads\/2026\/04\/Siegenia_Thumbnail_2026-04.jpg\" class=\"attachment-full size-full wp-image-13632\" alt=\"\" srcset=\"https:\/\/www.rollladen-growe.de\/wp-content\/uploads\/2026\/04\/Siegenia_Thumbnail_2026-04.jpg 659w, https:\/\/www.rollladen-growe.de\/wp-content\/uploads\/2026\/04\/Siegenia_Thumbnail_2026-04-300x128.jpg 300w\" sizes=\"(max-width: 659px) 100vw, 659px\" \/><\/div>\n\t\t<\/a>\n\t\t\t\t<div class=\"elementor-post__text\">\n\t\t\t\t<h3 class=\"elementor-post__title\">\n\t\t\t<a href=\"https:\/\/www.rollladen-growe.de\/pakto-belueftung-mit-siegenia\/\" >\n\t\t\t\tPAKTO<sup>\u00ae<\/sup> Bel\u00fcftung mit SIEGENIA\t\t\t<\/a>\n\t\t<\/h3>\n\t\t\t\t<div class=\"elementor-post__excerpt\">\n\t\t\t<p>Die neuen Siegenia-L\u00fcfter Aeromat mid, midi HY und midi HY 3F sind jetzt als passive L\u00f6sungen f\u00fcr das PAKTO\u00ae-System verf\u00fcgbar und sorgen f\u00fcr ein gesundes, ausgewogenes Wohnklima.<\/p>\n\t\t<\/div>\n\t\t\n\t\t<a class=\"elementor-post__read-more\" href=\"https:\/\/www.rollladen-growe.de\/pakto-belueftung-mit-siegenia\/\" aria-label=\"Mehr \u00fcber PAKTO&lt;sup&gt;\u00ae&lt;\/sup&gt; Bel\u00fcftung mit SIEGENIA\" tabindex=\"-1\" >\n\t\t\tMehr Informationen\t\t<\/a>\n\n\t\t\t\t<\/div>\n\t\t\t\t<\/article>\n\t\t\t\t<article class=\"elementor-post elementor-grid-item post-13624 post type-post status-publish format-standard has-post-thumbnail hentry category-newsletter category-2026-03\" role=\"listitem\">\n\t\t\t\t<a class=\"elementor-post__thumbnail__link\" href=\"https:\/\/www.rollladen-growe.de\/pakto-stahl-verstaerkungskonsole\/\" tabindex=\"-1\" >\n\t\t\t<div class=\"elementor-post__thumbnail\"><img loading=\"lazy\" decoding=\"async\" width=\"659\" height=\"282\" src=\"https:\/\/www.rollladen-growe.de\/wp-content\/uploads\/2026\/04\/Konsole_Var1_Thumbnail_2026-04.jpg\" class=\"attachment-full size-full wp-image-13625\" alt=\"\" srcset=\"https:\/\/www.rollladen-growe.de\/wp-content\/uploads\/2026\/04\/Konsole_Var1_Thumbnail_2026-04.jpg 659w, https:\/\/www.rollladen-growe.de\/wp-content\/uploads\/2026\/04\/Konsole_Var1_Thumbnail_2026-04-300x128.jpg 300w\" sizes=\"(max-width: 659px) 100vw, 659px\" \/><\/div>\n\t\t<\/a>\n\t\t\t\t<div class=\"elementor-post__text\">\n\t\t\t\t<h3 class=\"elementor-post__title\">\n\t\t\t<a href=\"https:\/\/www.rollladen-growe.de\/pakto-stahl-verstaerkungskonsole\/\" >\n\t\t\t\tPAKTO\u00ae Stahl-Verst\u00e4rkungskonsole\t\t\t<\/a>\n\t\t<\/h3>\n\t\t\t\t<div class=\"elementor-post__excerpt\">\n\t\t\t<p>Die vormontierte Stahl-Verst\u00e4rkungskonsole wird einfach aufgerastet und fest verschraubt, wodurch der PAKTO\u00ae-Kasten ohne nachtr\u00e4gliches \u00d6ffnen schnell und zeitsparend montiert werden kann.<\/p>\n\t\t<\/div>\n\t\t\n\t\t<a class=\"elementor-post__read-more\" href=\"https:\/\/www.rollladen-growe.de\/pakto-stahl-verstaerkungskonsole\/\" aria-label=\"Mehr \u00fcber PAKTO\u00ae Stahl-Verst\u00e4rkungskonsole\" tabindex=\"-1\" >\n\t\t\tMehr Informationen\t\t<\/a>\n\n\t\t\t\t<\/div>\n\t\t\t\t<\/article>\n\t\t\t\t<article class=\"elementor-post elementor-grid-item post-13544 post type-post status-publish format-standard has-post-thumbnail hentry category-newsletter category-2026-02\" role=\"listitem\">\n\t\t\t\t<a class=\"elementor-post__thumbnail__link\" href=\"https:\/\/www.rollladen-growe.de\/growe-roltex-unterlagen-27\/\" tabindex=\"-1\" >\n\t\t\t<div class=\"elementor-post__thumbnail\"><img loading=\"lazy\" decoding=\"async\" width=\"2560\" height=\"1067\" src=\"https:\/\/www.rollladen-growe.de\/wp-content\/uploads\/2026\/03\/Katalog_Torsystem_Thumbnail_2024-scaled.jpg\" class=\"attachment-full size-full wp-image-13545\" alt=\"\" srcset=\"https:\/\/www.rollladen-growe.de\/wp-content\/uploads\/2026\/03\/Katalog_Torsystem_Thumbnail_2024-scaled.jpg 2560w, https:\/\/www.rollladen-growe.de\/wp-content\/uploads\/2026\/03\/Katalog_Torsystem_Thumbnail_2024-300x125.jpg 300w, https:\/\/www.rollladen-growe.de\/wp-content\/uploads\/2026\/03\/Katalog_Torsystem_Thumbnail_2024-1024x427.jpg 1024w, https:\/\/www.rollladen-growe.de\/wp-content\/uploads\/2026\/03\/Katalog_Torsystem_Thumbnail_2024-768x320.jpg 768w, https:\/\/www.rollladen-growe.de\/wp-content\/uploads\/2026\/03\/Katalog_Torsystem_Thumbnail_2024-1536x640.jpg 1536w, https:\/\/www.rollladen-growe.de\/wp-content\/uploads\/2026\/03\/Katalog_Torsystem_Thumbnail_2024-2048x853.jpg 2048w\" sizes=\"(max-width: 2560px) 100vw, 2560px\" \/><\/div>\n\t\t<\/a>\n\t\t\t\t<div class=\"elementor-post__text\">\n\t\t\t\t<h3 class=\"elementor-post__title\">\n\t\t\t<a href=\"https:\/\/www.rollladen-growe.de\/growe-roltex-unterlagen-27\/\" >\n\t\t\t\tGROWE\/ROLTEX Unterlagen\t\t\t<\/a>\n\t\t<\/h3>\n\t\t\t\t<div class=\"elementor-post__excerpt\">\n\t\t\t<p>Wir m\u00f6chten Sie darauf hinweisen, dass die Onlineversionen unserer GROWE\/ROLTEX-Unterlagen aktualisiert wurden.<\/p>\n\t\t<\/div>\n\t\t\n\t\t<a class=\"elementor-post__read-more\" href=\"https:\/\/www.rollladen-growe.de\/growe-roltex-unterlagen-27\/\" aria-label=\"Mehr \u00fcber GROWE\/ROLTEX Unterlagen\" tabindex=\"-1\" >\n\t\t\tMehr Informationen\t\t<\/a>\n\n\t\t\t\t<\/div>\n\t\t\t\t<\/article>\n\t\t\t\t<article class=\"elementor-post elementor-grid-item post-13535 post type-post status-publish format-standard has-post-thumbnail hentry category-newsletter category-2026-02\" role=\"listitem\">\n\t\t\t\t<a class=\"elementor-post__thumbnail__link\" href=\"https:\/\/www.rollladen-growe.de\/somfy-smoove-funkwandsender-2\/\" tabindex=\"-1\" >\n\t\t\t<div class=\"elementor-post__thumbnail\"><img loading=\"lazy\" decoding=\"async\" width=\"659\" height=\"282\" src=\"https:\/\/www.rollladen-growe.de\/wp-content\/uploads\/2026\/03\/Funkwandtaster-Smoove-1_Thumbnail.jpg\" class=\"attachment-full size-full wp-image-13536\" alt=\"\" srcset=\"https:\/\/www.rollladen-growe.de\/wp-content\/uploads\/2026\/03\/Funkwandtaster-Smoove-1_Thumbnail.jpg 659w, https:\/\/www.rollladen-growe.de\/wp-content\/uploads\/2026\/03\/Funkwandtaster-Smoove-1_Thumbnail-300x128.jpg 300w\" sizes=\"(max-width: 659px) 100vw, 659px\" \/><\/div>\n\t\t<\/a>\n\t\t\t\t<div class=\"elementor-post__text\">\n\t\t\t\t<h3 class=\"elementor-post__title\">\n\t\t\t<a href=\"https:\/\/www.rollladen-growe.de\/somfy-smoove-funkwandsender-2\/\" >\n\t\t\t\tSomfy Smoove Funkwandsender\t\t\t<\/a>\n\t\t<\/h3>\n\t\t\t\t<div class=\"elementor-post__excerpt\">\n\t\t\t<p>Im Zuge einer Produktoptimierung wird die Smoove io-Reihe \u00fcberarbeitet: Die bisherigen Smoove Origin Sender entfallen und werden durch die neue Generation Smoove io II ersetzt. <\/p>\n\t\t<\/div>\n\t\t\n\t\t<a class=\"elementor-post__read-more\" href=\"https:\/\/www.rollladen-growe.de\/somfy-smoove-funkwandsender-2\/\" aria-label=\"Mehr \u00fcber Somfy Smoove Funkwandsender\" tabindex=\"-1\" >\n\t\t\tMehr Informationen\t\t<\/a>\n\n\t\t\t\t<\/div>\n\t\t\t\t<\/article>\n\t\t\t\t<article class=\"elementor-post elementor-grid-item post-13526 post type-post status-publish format-standard has-post-thumbnail hentry category-newsletter category-2026-02\" role=\"listitem\">\n\t\t\t\t<a class=\"elementor-post__thumbnail__link\" href=\"https:\/\/www.rollladen-growe.de\/einstellung-der-coex-farben\/\" tabindex=\"-1\" >\n\t\t\t<div class=\"elementor-post__thumbnail\"><img loading=\"lazy\" decoding=\"async\" width=\"659\" height=\"282\" src=\"https:\/\/www.rollladen-growe.de\/wp-content\/uploads\/2026\/03\/Thumbnail_Farben.jpg\" class=\"attachment-full size-full wp-image-13527\" alt=\"\" srcset=\"https:\/\/www.rollladen-growe.de\/wp-content\/uploads\/2026\/03\/Thumbnail_Farben.jpg 659w, https:\/\/www.rollladen-growe.de\/wp-content\/uploads\/2026\/03\/Thumbnail_Farben-300x128.jpg 300w\" sizes=\"(max-width: 659px) 100vw, 659px\" \/><\/div>\n\t\t<\/a>\n\t\t\t\t<div class=\"elementor-post__text\">\n\t\t\t\t<h3 class=\"elementor-post__title\">\n\t\t\t<a href=\"https:\/\/www.rollladen-growe.de\/einstellung-der-coex-farben\/\" >\n\t\t\t\tEinstellung der COEX-Farben\t\t\t<\/a>\n\t\t<\/h3>\n\t\t\t\t<div class=\"elementor-post__excerpt\">\n\t\t\t<p>Bitte beachten Sie: Bestellungen von COEX-Farben sind nur noch bis zum 01.04.2026 m\u00f6glich \u2013 anschlie\u00dfend wird die Produktion eingestellt und verbleibende Lagerbest\u00e4nde werden abverkauft.<\/p>\n\t\t<\/div>\n\t\t\n\t\t<a class=\"elementor-post__read-more\" href=\"https:\/\/www.rollladen-growe.de\/einstellung-der-coex-farben\/\" aria-label=\"Mehr \u00fcber Einstellung der COEX-Farben\" tabindex=\"-1\" >\n\t\t\tMehr Informationen\t\t<\/a>\n\n\t\t\t\t<\/div>\n\t\t\t\t<\/article>\n\t\t\t\t<article class=\"elementor-post elementor-grid-item post-13518 post type-post status-publish format-standard has-post-thumbnail hentry category-newsletter category-2026-02\" role=\"listitem\">\n\t\t\t\t<a class=\"elementor-post__thumbnail__link\" href=\"https:\/\/www.rollladen-growe.de\/sun-tex-90-ganzglasecke\/\" tabindex=\"-1\" >\n\t\t\t<div class=\"elementor-post__thumbnail\"><img loading=\"lazy\" decoding=\"async\" width=\"659\" height=\"282\" src=\"https:\/\/www.rollladen-growe.de\/wp-content\/uploads\/2026\/03\/heroal-07-Sonnenschutz-Eckloesung_S-77-SL_Ganzglasecke_VS-Z_A4_Thumbnail.jpg\" class=\"attachment-full size-full wp-image-13519\" alt=\"\" srcset=\"https:\/\/www.rollladen-growe.de\/wp-content\/uploads\/2026\/03\/heroal-07-Sonnenschutz-Eckloesung_S-77-SL_Ganzglasecke_VS-Z_A4_Thumbnail.jpg 659w, https:\/\/www.rollladen-growe.de\/wp-content\/uploads\/2026\/03\/heroal-07-Sonnenschutz-Eckloesung_S-77-SL_Ganzglasecke_VS-Z_A4_Thumbnail-300x128.jpg 300w\" sizes=\"(max-width: 659px) 100vw, 659px\" \/><\/div>\n\t\t<\/a>\n\t\t\t\t<div class=\"elementor-post__text\">\n\t\t\t\t<h3 class=\"elementor-post__title\">\n\t\t\t<a href=\"https:\/\/www.rollladen-growe.de\/sun-tex-90-ganzglasecke\/\" >\n\t\t\t\tSUN-TEX 90\u00b0 Ganzglasecke\t\t\t<\/a>\n\t\t<\/h3>\n\t\t\t\t<div class=\"elementor-post__excerpt\">\n\t\t\t<p>Mit der neuen SUN-TEX 90\u00b0 Ganzglasecke bieten wir eine flexible Sonnenschutzl\u00f6sung f\u00fcr Glas-Eckfassaden \u2013 mit unabh\u00e4ngig steuerbaren Senkrechtmarkisen f\u00fcr optimalen Blendschutz.<\/p>\n\t\t<\/div>\n\t\t\n\t\t<a class=\"elementor-post__read-more\" href=\"https:\/\/www.rollladen-growe.de\/sun-tex-90-ganzglasecke\/\" aria-label=\"Mehr \u00fcber SUN-TEX 90\u00b0 Ganzglasecke\" tabindex=\"-1\" >\n\t\t\tMehr Informationen\t\t<\/a>\n\n\t\t\t\t<\/div>\n\t\t\t\t<\/article>\n\t\t\t\t<article class=\"elementor-post elementor-grid-item post-13509 post type-post status-publish format-standard has-post-thumbnail hentry category-newsletter category-2026-02\" role=\"listitem\">\n\t\t\t\t<a class=\"elementor-post__thumbnail__link\" href=\"https:\/\/www.rollladen-growe.de\/pakto-raffstore-slimline\/\" tabindex=\"-1\" >\n\t\t\t<div class=\"elementor-post__thumbnail\"><img loading=\"lazy\" decoding=\"async\" width=\"659\" height=\"282\" src=\"https:\/\/www.rollladen-growe.de\/wp-content\/uploads\/2026\/03\/PAKTO-Raffstore-SlimLine_Thumbnail.jpg\" class=\"attachment-full size-full wp-image-13510\" alt=\"\" srcset=\"https:\/\/www.rollladen-growe.de\/wp-content\/uploads\/2026\/03\/PAKTO-Raffstore-SlimLine_Thumbnail.jpg 659w, https:\/\/www.rollladen-growe.de\/wp-content\/uploads\/2026\/03\/PAKTO-Raffstore-SlimLine_Thumbnail-300x128.jpg 300w\" sizes=\"(max-width: 659px) 100vw, 659px\" \/><\/div>\n\t\t<\/a>\n\t\t\t\t<div class=\"elementor-post__text\">\n\t\t\t\t<h3 class=\"elementor-post__title\">\n\t\t\t<a href=\"https:\/\/www.rollladen-growe.de\/pakto-raffstore-slimline\/\" >\n\t\t\t\tPAKTO<sup>\u00ae<\/sup> Raffstore SLIMLINE\t\t\t<\/a>\n\t\t<\/h3>\n\t\t\t\t<div class=\"elementor-post__excerpt\">\n\t\t\t<p>Mit dem PAKTO\u00ae Raffstore SlimLine erweitern wir unser System um eine besonders schlanke Raffstore-Variante \u2013 ideal f\u00fcr Projekte, bei denen eine platzsparende Konstruktion gefragt ist. <\/p>\n\t\t<\/div>\n\t\t\n\t\t<a class=\"elementor-post__read-more\" href=\"https:\/\/www.rollladen-growe.de\/pakto-raffstore-slimline\/\" aria-label=\"Mehr \u00fcber PAKTO&lt;sup&gt;\u00ae&lt;\/sup&gt; Raffstore SLIMLINE\" tabindex=\"-1\" >\n\t\t\tMehr Informationen\t\t<\/a>\n\n\t\t\t\t<\/div>\n\t\t\t\t<\/article>\n\t\t\t\t<article class=\"elementor-post elementor-grid-item post-13501 post type-post status-publish format-standard has-post-thumbnail hentry category-newsletter category-2026-02\" role=\"listitem\">\n\t\t\t\t<a class=\"elementor-post__thumbnail__link\" href=\"https:\/\/www.rollladen-growe.de\/highlights-2026\/\" tabindex=\"-1\" >\n\t\t\t<div class=\"elementor-post__thumbnail\"><img loading=\"lazy\" decoding=\"async\" width=\"659\" height=\"282\" src=\"https:\/\/www.rollladen-growe.de\/wp-content\/uploads\/2026\/01\/fensterbau-Frontale_wir-sind-dabei_2026_Thumbnail_neu.jpg\" class=\"attachment-full size-full wp-image-13452\" alt=\"\" srcset=\"https:\/\/www.rollladen-growe.de\/wp-content\/uploads\/2026\/01\/fensterbau-Frontale_wir-sind-dabei_2026_Thumbnail_neu.jpg 659w, https:\/\/www.rollladen-growe.de\/wp-content\/uploads\/2026\/01\/fensterbau-Frontale_wir-sind-dabei_2026_Thumbnail_neu-300x128.jpg 300w\" sizes=\"(max-width: 659px) 100vw, 659px\" \/><\/div>\n\t\t<\/a>\n\t\t\t\t<div class=\"elementor-post__text\">\n\t\t\t\t<h3 class=\"elementor-post__title\">\n\t\t\t<a href=\"https:\/\/www.rollladen-growe.de\/highlights-2026\/\" >\n\t\t\t\tHIGHLIGHTS 2026\t\t\t<\/a>\n\t\t<\/h3>\n\t\t\t\t<div class=\"elementor-post__excerpt\">\n\t\t\t<p>Fu\u0308r Sie entwickelt: Unsere Highlights 2026 \u2013 live auf der Weltleitmesse fu\u0308r Fenster, Tu\u0308ren und Fassaden (24. \u2013 27. M\u00e4rz in Nu\u0308rnberg) oder bequem im Bu\u0308ro mit unserer neuen Highlight-Broschu\u0308re 2026.<\/p>\n\t\t<\/div>\n\t\t\n\t\t<a class=\"elementor-post__read-more\" href=\"https:\/\/www.rollladen-growe.de\/highlights-2026\/\" aria-label=\"Mehr \u00fcber HIGHLIGHTS 2026\" tabindex=\"-1\" >\n\t\t\tMehr Informationen\t\t<\/a>\n\n\t\t\t\t<\/div>\n\t\t\t\t<\/article>\n\t\t\t\t<article class=\"elementor-post elementor-grid-item post-13419 post type-post status-publish format-standard has-post-thumbnail hentry category-newsletter category-2026-01\" role=\"listitem\">\n\t\t\t\t<a class=\"elementor-post__thumbnail__link\" href=\"https:\/\/www.rollladen-growe.de\/fensterbau-frontale-2026-jetzt-termin-vormerken\/\" tabindex=\"-1\" >\n\t\t\t<div class=\"elementor-post__thumbnail\"><img loading=\"lazy\" decoding=\"async\" width=\"659\" height=\"282\" src=\"https:\/\/www.rollladen-growe.de\/wp-content\/uploads\/2026\/01\/fensterbau-Frontale_wir-sind-dabei_2026_Thumbnail_neu.jpg\" class=\"attachment-full size-full wp-image-13452\" alt=\"\" srcset=\"https:\/\/www.rollladen-growe.de\/wp-content\/uploads\/2026\/01\/fensterbau-Frontale_wir-sind-dabei_2026_Thumbnail_neu.jpg 659w, https:\/\/www.rollladen-growe.de\/wp-content\/uploads\/2026\/01\/fensterbau-Frontale_wir-sind-dabei_2026_Thumbnail_neu-300x128.jpg 300w\" sizes=\"(max-width: 659px) 100vw, 659px\" \/><\/div>\n\t\t<\/a>\n\t\t\t\t<div class=\"elementor-post__text\">\n\t\t\t\t<h3 class=\"elementor-post__title\">\n\t\t\t<a href=\"https:\/\/www.rollladen-growe.de\/fensterbau-frontale-2026-jetzt-termin-vormerken\/\" >\n\t\t\t\tFensterbau Frontale 2026 \u2013 Jetzt Termin Vormerken\t\t\t<\/a>\n\t\t<\/h3>\n\t\t\t\t<div class=\"elementor-post__excerpt\">\n\t\t\t<p>Unter dem Motto \u201eMarktplatz fu\u0308r Sicht- und Sonnenschutz: weitergedacht, l\u00f6sungsorientiert, effizient\u201c pr\u00e4sentieren wir unsere Neuheiten zum Anfassen und Ausprobieren.<\/p>\n\t\t<\/div>\n\t\t\n\t\t<a class=\"elementor-post__read-more\" href=\"https:\/\/www.rollladen-growe.de\/fensterbau-frontale-2026-jetzt-termin-vormerken\/\" aria-label=\"Mehr \u00fcber Fensterbau Frontale 2026 \u2013 Jetzt Termin Vormerken\" tabindex=\"-1\" >\n\t\t\tMehr Informationen\t\t<\/a>\n\n\t\t\t\t<\/div>\n\t\t\t\t<\/article>\n\t\t\t\t<article class=\"elementor-post elementor-grid-item post-13347 post type-post status-publish format-standard has-post-thumbnail hentry category-newsletter category-2025-05\" role=\"listitem\">\n\t\t\t\t<a class=\"elementor-post__thumbnail__link\" href=\"https:\/\/www.rollladen-growe.de\/growe-roltex-unterlagen-26\/\" tabindex=\"-1\" >\n\t\t\t<div class=\"elementor-post__thumbnail\"><img loading=\"lazy\" decoding=\"async\" width=\"2560\" height=\"1067\" src=\"https:\/\/www.rollladen-growe.de\/wp-content\/uploads\/2025\/11\/Kataloge_SUN-TEX_Thumbnail_2025-scaled.jpg\" class=\"attachment-full size-full wp-image-13348\" alt=\"\" srcset=\"https:\/\/www.rollladen-growe.de\/wp-content\/uploads\/2025\/11\/Kataloge_SUN-TEX_Thumbnail_2025-scaled.jpg 2560w, https:\/\/www.rollladen-growe.de\/wp-content\/uploads\/2025\/11\/Kataloge_SUN-TEX_Thumbnail_2025-300x125.jpg 300w, https:\/\/www.rollladen-growe.de\/wp-content\/uploads\/2025\/11\/Kataloge_SUN-TEX_Thumbnail_2025-1024x427.jpg 1024w, https:\/\/www.rollladen-growe.de\/wp-content\/uploads\/2025\/11\/Kataloge_SUN-TEX_Thumbnail_2025-768x320.jpg 768w, https:\/\/www.rollladen-growe.de\/wp-content\/uploads\/2025\/11\/Kataloge_SUN-TEX_Thumbnail_2025-1536x640.jpg 1536w, https:\/\/www.rollladen-growe.de\/wp-content\/uploads\/2025\/11\/Kataloge_SUN-TEX_Thumbnail_2025-2048x853.jpg 2048w\" sizes=\"(max-width: 2560px) 100vw, 2560px\" \/><\/div>\n\t\t<\/a>\n\t\t\t\t<div class=\"elementor-post__text\">\n\t\t\t\t<h3 class=\"elementor-post__title\">\n\t\t\t<a href=\"https:\/\/www.rollladen-growe.de\/growe-roltex-unterlagen-26\/\" >\n\t\t\t\tGROWE\/ROLTEX Unterlagen\t\t\t<\/a>\n\t\t<\/h3>\n\t\t\t\t<div class=\"elementor-post__excerpt\">\n\t\t\t<p>Wir m\u00f6chten Sie darauf hinweisen, dass die Onlineversionen unserer GROWE\/ROLTEX-Unterlagen aktualisiert wurden.<\/p>\n\t\t<\/div>\n\t\t\n\t\t<a class=\"elementor-post__read-more\" href=\"https:\/\/www.rollladen-growe.de\/growe-roltex-unterlagen-26\/\" aria-label=\"Mehr \u00fcber GROWE\/ROLTEX Unterlagen\" tabindex=\"-1\" >\n\t\t\tMehr Informationen\t\t<\/a>\n\n\t\t\t\t<\/div>\n\t\t\t\t<\/article>\n\t\t\t\t<article class=\"elementor-post elementor-grid-item post-13338 post type-post status-publish format-standard has-post-thumbnail hentry category-newsletter category-2025-05\" role=\"listitem\">\n\t\t\t\t<a class=\"elementor-post__thumbnail__link\" href=\"https:\/\/www.rollladen-growe.de\/raffstore-einleger\/\" tabindex=\"-1\" >\n\t\t\t<div class=\"elementor-post__thumbnail\"><img loading=\"lazy\" decoding=\"async\" width=\"659\" height=\"282\" src=\"https:\/\/www.rollladen-growe.de\/wp-content\/uploads\/2025\/11\/Raffstore-Einleger-5505RS-Thumbnail.jpg\" class=\"attachment-full size-full wp-image-13339\" alt=\"\" srcset=\"https:\/\/www.rollladen-growe.de\/wp-content\/uploads\/2025\/11\/Raffstore-Einleger-5505RS-Thumbnail.jpg 659w, https:\/\/www.rollladen-growe.de\/wp-content\/uploads\/2025\/11\/Raffstore-Einleger-5505RS-Thumbnail-300x128.jpg 300w\" sizes=\"(max-width: 659px) 100vw, 659px\" \/><\/div>\n\t\t<\/a>\n\t\t\t\t<div class=\"elementor-post__text\">\n\t\t\t\t<h3 class=\"elementor-post__title\">\n\t\t\t<a href=\"https:\/\/www.rollladen-growe.de\/raffstore-einleger\/\" >\n\t\t\t\tVerbesserte Montage mit neuem Raffstore-Einleger\t\t\t<\/a>\n\t\t<\/h3>\n\t\t\t\t<div class=\"elementor-post__excerpt\">\n\t\t\t<p>Der neue Raffstore-Einleger 5505RS erleichtert die Montage und Demontage direkt auf der Baustelle.<\/p>\n\t\t<\/div>\n\t\t\n\t\t<a class=\"elementor-post__read-more\" href=\"https:\/\/www.rollladen-growe.de\/raffstore-einleger\/\" aria-label=\"Mehr \u00fcber Verbesserte Montage mit neuem Raffstore-Einleger\" tabindex=\"-1\" >\n\t\t\tMehr Informationen\t\t<\/a>\n\n\t\t\t\t<\/div>\n\t\t\t\t<\/article>\n\t\t\t\t<article class=\"elementor-post elementor-grid-item post-13329 post type-post status-publish format-standard has-post-thumbnail hentry category-newsletter category-2025-05\" role=\"listitem\">\n\t\t\t\t<a class=\"elementor-post__thumbnail__link\" href=\"https:\/\/www.rollladen-growe.de\/sun-tex-tuchkollektion-2\/\" tabindex=\"-1\" >\n\t\t\t<div class=\"elementor-post__thumbnail\"><img loading=\"lazy\" decoding=\"async\" width=\"659\" height=\"282\" src=\"https:\/\/www.rollladen-growe.de\/wp-content\/uploads\/2025\/11\/Twilight-Elements-Sattler-SUN-TEX-GmbH_Thumbnail.jpg\" class=\"attachment-full size-full wp-image-13330\" alt=\"\" srcset=\"https:\/\/www.rollladen-growe.de\/wp-content\/uploads\/2025\/11\/Twilight-Elements-Sattler-SUN-TEX-GmbH_Thumbnail.jpg 659w, https:\/\/www.rollladen-growe.de\/wp-content\/uploads\/2025\/11\/Twilight-Elements-Sattler-SUN-TEX-GmbH_Thumbnail-300x128.jpg 300w\" sizes=\"(max-width: 659px) 100vw, 659px\" \/><\/div>\n\t\t<\/a>\n\t\t\t\t<div class=\"elementor-post__text\">\n\t\t\t\t<h3 class=\"elementor-post__title\">\n\t\t\t<a href=\"https:\/\/www.rollladen-growe.de\/sun-tex-tuchkollektion-2\/\" >\n\t\t\t\tSUN-TEX \u2013 Tuchkollektion\t\t\t<\/a>\n\t\t<\/h3>\n\t\t\t\t<div class=\"elementor-post__excerpt\">\n\t\t\t<p>Das Soltis B92-Portfolio wurde angepasst und eine neue Tuchkollektion ist jetzt verfu\u0308gbar.<\/p>\n\t\t<\/div>\n\t\t\n\t\t<a class=\"elementor-post__read-more\" href=\"https:\/\/www.rollladen-growe.de\/sun-tex-tuchkollektion-2\/\" aria-label=\"Mehr \u00fcber SUN-TEX \u2013 Tuchkollektion\" tabindex=\"-1\" >\n\t\t\tMehr Informationen\t\t<\/a>\n\n\t\t\t\t<\/div>\n\t\t\t\t<\/article>\n\t\t\t\t<article class=\"elementor-post elementor-grid-item post-13320 post type-post status-publish format-standard has-post-thumbnail hentry category-newsletter category-2025-05\" role=\"listitem\">\n\t\t\t\t<a class=\"elementor-post__thumbnail__link\" href=\"https:\/\/www.rollladen-growe.de\/sunteis-solar-io\/\" tabindex=\"-1\" >\n\t\t\t<div class=\"elementor-post__thumbnail\"><img loading=\"lazy\" decoding=\"async\" width=\"659\" height=\"282\" src=\"https:\/\/www.rollladen-growe.de\/wp-content\/uploads\/2025\/11\/Sunteis-solar-io-Somfy_Thumbnail.jpg\" class=\"attachment-full size-full wp-image-13321\" alt=\"\" srcset=\"https:\/\/www.rollladen-growe.de\/wp-content\/uploads\/2025\/11\/Sunteis-solar-io-Somfy_Thumbnail.jpg 659w, https:\/\/www.rollladen-growe.de\/wp-content\/uploads\/2025\/11\/Sunteis-solar-io-Somfy_Thumbnail-300x128.jpg 300w\" sizes=\"(max-width: 659px) 100vw, 659px\" \/><\/div>\n\t\t<\/a>\n\t\t\t\t<div class=\"elementor-post__text\">\n\t\t\t\t<h3 class=\"elementor-post__title\">\n\t\t\t<a href=\"https:\/\/www.rollladen-growe.de\/sunteis-solar-io\/\" >\n\t\t\t\tSunteis Solar io\t\t\t<\/a>\n\t\t<\/h3>\n\t\t\t\t<div class=\"elementor-post__excerpt\">\n\t\t\t<p>Der Sunteis Solar io ist ein solarbetriebener Funksensor f\u00fcr Sonne und Au\u00dfentemperatur, der den Temperaturkomfort und die Energieeffizienz steigert.<\/p>\n\t\t<\/div>\n\t\t\n\t\t<a class=\"elementor-post__read-more\" href=\"https:\/\/www.rollladen-growe.de\/sunteis-solar-io\/\" aria-label=\"Mehr \u00fcber Sunteis Solar io\" tabindex=\"-1\" >\n\t\t\tMehr Informationen\t\t<\/a>\n\n\t\t\t\t<\/div>\n\t\t\t\t<\/article>\n\t\t\t\t<article class=\"elementor-post elementor-grid-item post-13309 post type-post status-publish format-standard has-post-thumbnail hentry category-newsletter category-2025-05\" role=\"listitem\">\n\t\t\t\t<a class=\"elementor-post__thumbnail__link\" href=\"https:\/\/www.rollladen-growe.de\/somfy-smoove-funkwandsender\/\" tabindex=\"-1\" >\n\t\t\t<div class=\"elementor-post__thumbnail\"><img loading=\"lazy\" decoding=\"async\" width=\"659\" height=\"282\" src=\"https:\/\/www.rollladen-growe.de\/wp-content\/uploads\/2025\/11\/Funkwandtaster-Smoove-1_Thumbnail.jpg\" class=\"attachment-full size-full wp-image-13310\" alt=\"\" srcset=\"https:\/\/www.rollladen-growe.de\/wp-content\/uploads\/2025\/11\/Funkwandtaster-Smoove-1_Thumbnail.jpg 659w, https:\/\/www.rollladen-growe.de\/wp-content\/uploads\/2025\/11\/Funkwandtaster-Smoove-1_Thumbnail-300x128.jpg 300w\" sizes=\"(max-width: 659px) 100vw, 659px\" \/><\/div>\n\t\t<\/a>\n\t\t\t\t<div class=\"elementor-post__text\">\n\t\t\t\t<h3 class=\"elementor-post__title\">\n\t\t\t<a href=\"https:\/\/www.rollladen-growe.de\/somfy-smoove-funkwandsender\/\" >\n\t\t\t\tSomfy Smoove Funkwandsender\t\t\t<\/a>\n\t\t<\/h3>\n\t\t\t\t<div class=\"elementor-post__excerpt\">\n\t\t\t<p>Die Somfy Funkwandsender der Serien Smoove 1 io und Smoove A\/M io mit sensitiven Ber\u00fchrungstasten werden zum Jahresende 2025 eingestellt. <\/p>\n\t\t<\/div>\n\t\t\n\t\t<a class=\"elementor-post__read-more\" href=\"https:\/\/www.rollladen-growe.de\/somfy-smoove-funkwandsender\/\" aria-label=\"Mehr \u00fcber Somfy Smoove Funkwandsender\" tabindex=\"-1\" >\n\t\t\tMehr Informationen\t\t<\/a>\n\n\t\t\t\t<\/div>\n\t\t\t\t<\/article>\n\t\t\t\t<article class=\"elementor-post elementor-grid-item post-13302 post type-post status-publish format-standard has-post-thumbnail hentry category-newsletter category-2025-05\" role=\"listitem\">\n\t\t\t\t<a class=\"elementor-post__thumbnail__link\" href=\"https:\/\/www.rollladen-growe.de\/betriebsferien-5\/\" tabindex=\"-1\" >\n\t\t\t<div class=\"elementor-post__thumbnail\"><img loading=\"lazy\" decoding=\"async\" width=\"659\" height=\"282\" src=\"https:\/\/www.rollladen-growe.de\/wp-content\/uploads\/2025\/11\/Thema_Weihnachten_Thumbnail_2023-12.jpg\" class=\"attachment-full size-full wp-image-13303\" alt=\"\" srcset=\"https:\/\/www.rollladen-growe.de\/wp-content\/uploads\/2025\/11\/Thema_Weihnachten_Thumbnail_2023-12.jpg 659w, https:\/\/www.rollladen-growe.de\/wp-content\/uploads\/2025\/11\/Thema_Weihnachten_Thumbnail_2023-12-300x128.jpg 300w\" sizes=\"(max-width: 659px) 100vw, 659px\" \/><\/div>\n\t\t<\/a>\n\t\t\t\t<div class=\"elementor-post__text\">\n\t\t\t\t<h3 class=\"elementor-post__title\">\n\t\t\t<a href=\"https:\/\/www.rollladen-growe.de\/betriebsferien-5\/\" >\n\t\t\t\tBetriebsferien\t\t\t<\/a>\n\t\t<\/h3>\n\t\t\t\t<div class=\"elementor-post__excerpt\">\n\t\t\t<p>Wir m\u00f6chten Sie dar\u00fcber informieren, dass an den Standorten unterschiedliche Betriebsferien gelten.<\/p>\n\t\t<\/div>\n\t\t\n\t\t<a class=\"elementor-post__read-more\" href=\"https:\/\/www.rollladen-growe.de\/betriebsferien-5\/\" aria-label=\"Mehr \u00fcber Betriebsferien\" tabindex=\"-1\" >\n\t\t\tMehr Informationen\t\t<\/a>\n\n\t\t\t\t<\/div>\n\t\t\t\t<\/article>\n\t\t\t\t<article class=\"elementor-post elementor-grid-item post-13078 post type-post status-publish format-standard has-post-thumbnail hentry category-newsletter category-2025-04\" role=\"listitem\">\n\t\t\t\t<a class=\"elementor-post__thumbnail__link\" href=\"https:\/\/www.rollladen-growe.de\/resa-produktvorstellung\/\" tabindex=\"-1\" >\n\t\t\t<div class=\"elementor-post__thumbnail\"><img loading=\"lazy\" decoding=\"async\" width=\"659\" height=\"282\" src=\"https:\/\/www.rollladen-growe.de\/wp-content\/uploads\/2025\/09\/RESA_Thumbnail_2025-09.jpg\" class=\"attachment-full size-full wp-image-13079\" alt=\"\" srcset=\"https:\/\/www.rollladen-growe.de\/wp-content\/uploads\/2025\/09\/RESA_Thumbnail_2025-09.jpg 659w, https:\/\/www.rollladen-growe.de\/wp-content\/uploads\/2025\/09\/RESA_Thumbnail_2025-09-300x128.jpg 300w\" sizes=\"(max-width: 659px) 100vw, 659px\" \/><\/div>\n\t\t<\/a>\n\t\t\t\t<div class=\"elementor-post__text\">\n\t\t\t\t<h3 class=\"elementor-post__title\">\n\t\t\t<a href=\"https:\/\/www.rollladen-growe.de\/resa-produktvorstellung\/\" >\n\t\t\t\tRESA \u2013 Produktvorstellung\t\t\t<\/a>\n\t\t<\/h3>\n\t\t\t\t<div class=\"elementor-post__excerpt\">\n\t\t\t<p>Ob Renovierung oder energetische Sanierung im Bestand \u2013 mit dem RESA-Renovierungskasten bieten wir Ihnen eine clevere und effiziente L\u00f6sung,<\/p>\n\t\t<\/div>\n\t\t\n\t\t<a class=\"elementor-post__read-more\" href=\"https:\/\/www.rollladen-growe.de\/resa-produktvorstellung\/\" aria-label=\"Mehr \u00fcber RESA \u2013 Produktvorstellung\" tabindex=\"-1\" >\n\t\t\tMehr Informationen\t\t<\/a>\n\n\t\t\t\t<\/div>\n\t\t\t\t<\/article>\n\t\t\t\t<article class=\"elementor-post elementor-grid-item post-13071 post type-post status-publish format-standard has-post-thumbnail hentry category-newsletter category-2025-04\" role=\"listitem\">\n\t\t\t\t<a class=\"elementor-post__thumbnail__link\" href=\"https:\/\/www.rollladen-growe.de\/easy-raffstore-as\/\" tabindex=\"-1\" >\n\t\t\t<div class=\"elementor-post__thumbnail\"><img loading=\"lazy\" decoding=\"async\" width=\"659\" height=\"282\" src=\"https:\/\/www.rollladen-growe.de\/wp-content\/uploads\/2025\/09\/Raffstore_Thumbnail_2025-09.jpg\" class=\"attachment-full size-full wp-image-13072\" alt=\"\" srcset=\"https:\/\/www.rollladen-growe.de\/wp-content\/uploads\/2025\/09\/Raffstore_Thumbnail_2025-09.jpg 659w, https:\/\/www.rollladen-growe.de\/wp-content\/uploads\/2025\/09\/Raffstore_Thumbnail_2025-09-300x128.jpg 300w\" sizes=\"(max-width: 659px) 100vw, 659px\" \/><\/div>\n\t\t<\/a>\n\t\t\t\t<div class=\"elementor-post__text\">\n\t\t\t\t<h3 class=\"elementor-post__title\">\n\t\t\t<a href=\"https:\/\/www.rollladen-growe.de\/easy-raffstore-as\/\" >\n\t\t\t\tEasy-Raffstore AS\t\t\t<\/a>\n\t\t<\/h3>\n\t\t\t\t<div class=\"elementor-post__excerpt\">\n\t\t\t<p>Der Easy-Raffstore AS ist ein aufgest\u00e4nderter, schienengefu\u0308hrter Au\u00dfenraffstore mit einer angepassten Blende und wird als komplettes Element fertig konfektioniert geliefert.<\/p>\n\t\t<\/div>\n\t\t\n\t\t<a class=\"elementor-post__read-more\" href=\"https:\/\/www.rollladen-growe.de\/easy-raffstore-as\/\" aria-label=\"Mehr \u00fcber Easy-Raffstore AS\" tabindex=\"-1\" >\n\t\t\tMehr Informationen\t\t<\/a>\n\n\t\t\t\t<\/div>\n\t\t\t\t<\/article>\n\t\t\t\t<article class=\"elementor-post elementor-grid-item post-13062 post type-post status-publish format-standard has-post-thumbnail hentry category-newsletter category-2025-04\" role=\"listitem\">\n\t\t\t\t<a class=\"elementor-post__thumbnail__link\" href=\"https:\/\/www.rollladen-growe.de\/raffstore-lamellen\/\" tabindex=\"-1\" >\n\t\t\t<div class=\"elementor-post__thumbnail\"><img loading=\"lazy\" decoding=\"async\" width=\"659\" height=\"282\" src=\"https:\/\/www.rollladen-growe.de\/wp-content\/uploads\/2025\/09\/Raffstore-Farben_Thumbnail_2025-09.jpg\" class=\"attachment-full size-full wp-image-13063\" alt=\"\" srcset=\"https:\/\/www.rollladen-growe.de\/wp-content\/uploads\/2025\/09\/Raffstore-Farben_Thumbnail_2025-09.jpg 659w, https:\/\/www.rollladen-growe.de\/wp-content\/uploads\/2025\/09\/Raffstore-Farben_Thumbnail_2025-09-300x128.jpg 300w\" sizes=\"(max-width: 659px) 100vw, 659px\" \/><\/div>\n\t\t<\/a>\n\t\t\t\t<div class=\"elementor-post__text\">\n\t\t\t\t<h3 class=\"elementor-post__title\">\n\t\t\t<a href=\"https:\/\/www.rollladen-growe.de\/raffstore-lamellen\/\" >\n\t\t\t\tRaffstore-Lamellen\t\t\t<\/a>\n\t\t<\/h3>\n\t\t\t\t<div class=\"elementor-post__excerpt\">\n\t\t\t<p>Unser Farbsortiment fu\u0308r Raffstore-Lamellen ist erweitert und er\u00f6ffnet Ihnen noch mehr Spielraum fu\u0308r kreative L\u00f6sungen.<\/p>\n\t\t<\/div>\n\t\t\n\t\t<a class=\"elementor-post__read-more\" href=\"https:\/\/www.rollladen-growe.de\/raffstore-lamellen\/\" aria-label=\"Mehr \u00fcber Raffstore-Lamellen\" tabindex=\"-1\" >\n\t\t\tMehr Informationen\t\t<\/a>\n\n\t\t\t\t<\/div>\n\t\t\t\t<\/article>\n\t\t\t\t<article class=\"elementor-post elementor-grid-item post-13053 post type-post status-publish format-standard has-post-thumbnail hentry category-newsletter category-2025-04\" role=\"listitem\">\n\t\t\t\t<a class=\"elementor-post__thumbnail__link\" href=\"https:\/\/www.rollladen-growe.de\/rollladenfuehrungsschienen\/\" tabindex=\"-1\" >\n\t\t\t<div class=\"elementor-post__thumbnail\"><img loading=\"lazy\" decoding=\"async\" width=\"659\" height=\"282\" src=\"https:\/\/www.rollladen-growe.de\/wp-content\/uploads\/2025\/09\/Eingerueckte-FS_Thumbnail_2025-09.jpg\" class=\"attachment-full size-full wp-image-13054\" alt=\"\" srcset=\"https:\/\/www.rollladen-growe.de\/wp-content\/uploads\/2025\/09\/Eingerueckte-FS_Thumbnail_2025-09.jpg 659w, https:\/\/www.rollladen-growe.de\/wp-content\/uploads\/2025\/09\/Eingerueckte-FS_Thumbnail_2025-09-300x128.jpg 300w\" sizes=\"(max-width: 659px) 100vw, 659px\" \/><\/div>\n\t\t<\/a>\n\t\t\t\t<div class=\"elementor-post__text\">\n\t\t\t\t<h3 class=\"elementor-post__title\">\n\t\t\t<a href=\"https:\/\/www.rollladen-growe.de\/rollladenfuehrungsschienen\/\" >\n\t\t\t\tRollladenf\u00fchrungsschienen\t\t\t<\/a>\n\t\t<\/h3>\n\t\t\t\t<div class=\"elementor-post__excerpt\">\n\t\t\t<p>Pr\u00e4zise Anpassungen fu\u0308r perfekte Positionierung und stabile Montage \u2013 ideal fu\u0308r individuelle Anforderungen.<\/p>\n\t\t<\/div>\n\t\t\n\t\t<a class=\"elementor-post__read-more\" href=\"https:\/\/www.rollladen-growe.de\/rollladenfuehrungsschienen\/\" aria-label=\"Mehr \u00fcber Rollladenf\u00fchrungsschienen\" tabindex=\"-1\" >\n\t\t\tMehr Informationen\t\t<\/a>\n\n\t\t\t\t<\/div>\n\t\t\t\t<\/article>\n\t\t\t\t<article class=\"elementor-post elementor-grid-item post-13045 post type-post status-publish format-standard has-post-thumbnail hentry category-newsletter category-2025-04\" role=\"listitem\">\n\t\t\t\t<a class=\"elementor-post__thumbnail__link\" href=\"https:\/\/www.rollladen-growe.de\/growe-roltex-schulungen-4\/\" tabindex=\"-1\" >\n\t\t\t<div class=\"elementor-post__thumbnail\"><img loading=\"lazy\" decoding=\"async\" width=\"2560\" height=\"1064\" src=\"https:\/\/www.rollladen-growe.de\/wp-content\/uploads\/2025\/09\/Schulungen_Thumbnail_2025-09-scaled.jpg\" class=\"attachment-full size-full wp-image-13046\" alt=\"\" srcset=\"https:\/\/www.rollladen-growe.de\/wp-content\/uploads\/2025\/09\/Schulungen_Thumbnail_2025-09-scaled.jpg 2560w, https:\/\/www.rollladen-growe.de\/wp-content\/uploads\/2025\/09\/Schulungen_Thumbnail_2025-09-300x125.jpg 300w, https:\/\/www.rollladen-growe.de\/wp-content\/uploads\/2025\/09\/Schulungen_Thumbnail_2025-09-1024x425.jpg 1024w, https:\/\/www.rollladen-growe.de\/wp-content\/uploads\/2025\/09\/Schulungen_Thumbnail_2025-09-768x319.jpg 768w, https:\/\/www.rollladen-growe.de\/wp-content\/uploads\/2025\/09\/Schulungen_Thumbnail_2025-09-1536x638.jpg 1536w, https:\/\/www.rollladen-growe.de\/wp-content\/uploads\/2025\/09\/Schulungen_Thumbnail_2025-09-2048x851.jpg 2048w\" sizes=\"(max-width: 2560px) 100vw, 2560px\" \/><\/div>\n\t\t<\/a>\n\t\t\t\t<div class=\"elementor-post__text\">\n\t\t\t\t<h3 class=\"elementor-post__title\">\n\t\t\t<a href=\"https:\/\/www.rollladen-growe.de\/growe-roltex-schulungen-4\/\" >\n\t\t\t\tGROWE\/ROLTEX Schulungen\t\t\t<\/a>\n\t\t<\/h3>\n\t\t\t\t<div class=\"elementor-post__excerpt\">\n\t\t\t<p>Auch im kommenden Jahr bieten wir Ihnen praxisnahe Pr\u00e4senz-Schulungen an verschiedenen Veranstaltungsorten zu vielf\u00e4ltigen Themen an.<\/p>\n\t\t<\/div>\n\t\t\n\t\t<a class=\"elementor-post__read-more\" href=\"https:\/\/www.rollladen-growe.de\/growe-roltex-schulungen-4\/\" aria-label=\"Mehr \u00fcber GROWE\/ROLTEX Schulungen\" tabindex=\"-1\" >\n\t\t\tMehr Informationen\t\t<\/a>\n\n\t\t\t\t<\/div>\n\t\t\t\t<\/article>\n\t\t\t\t<article class=\"elementor-post elementor-grid-item post-13036 post type-post status-publish format-standard has-post-thumbnail hentry category-newsletter category-2025-04\" role=\"listitem\">\n\t\t\t\t<a class=\"elementor-post__thumbnail__link\" href=\"https:\/\/www.rollladen-growe.de\/growe-roltex-unterlagen-25\/\" tabindex=\"-1\" >\n\t\t\t<div class=\"elementor-post__thumbnail\"><img loading=\"lazy\" decoding=\"async\" width=\"2560\" height=\"1067\" src=\"https:\/\/www.rollladen-growe.de\/wp-content\/uploads\/2025\/09\/Katalog_Torsystem_Thumbnail_2024-scaled.jpg\" class=\"attachment-full size-full wp-image-13037\" alt=\"\" srcset=\"https:\/\/www.rollladen-growe.de\/wp-content\/uploads\/2025\/09\/Katalog_Torsystem_Thumbnail_2024-scaled.jpg 2560w, https:\/\/www.rollladen-growe.de\/wp-content\/uploads\/2025\/09\/Katalog_Torsystem_Thumbnail_2024-300x125.jpg 300w, https:\/\/www.rollladen-growe.de\/wp-content\/uploads\/2025\/09\/Katalog_Torsystem_Thumbnail_2024-1024x427.jpg 1024w, https:\/\/www.rollladen-growe.de\/wp-content\/uploads\/2025\/09\/Katalog_Torsystem_Thumbnail_2024-768x320.jpg 768w, https:\/\/www.rollladen-growe.de\/wp-content\/uploads\/2025\/09\/Katalog_Torsystem_Thumbnail_2024-1536x640.jpg 1536w, https:\/\/www.rollladen-growe.de\/wp-content\/uploads\/2025\/09\/Katalog_Torsystem_Thumbnail_2024-2048x853.jpg 2048w\" sizes=\"(max-width: 2560px) 100vw, 2560px\" \/><\/div>\n\t\t<\/a>\n\t\t\t\t<div class=\"elementor-post__text\">\n\t\t\t\t<h3 class=\"elementor-post__title\">\n\t\t\t<a href=\"https:\/\/www.rollladen-growe.de\/growe-roltex-unterlagen-25\/\" >\n\t\t\t\tGROWE\/ROLTEX Unterlagen\t\t\t<\/a>\n\t\t<\/h3>\n\t\t\t\t<div class=\"elementor-post__excerpt\">\n\t\t\t<p>Wir m\u00f6chten Sie darauf hinweisen, dass die Onlineversionen unserer GROWE\/ROLTEX-Unterlagen aktualisiert wurden.<\/p>\n\t\t<\/div>\n\t\t\n\t\t<a class=\"elementor-post__read-more\" href=\"https:\/\/www.rollladen-growe.de\/growe-roltex-unterlagen-25\/\" aria-label=\"Mehr \u00fcber GROWE\/ROLTEX Unterlagen\" tabindex=\"-1\" >\n\t\t\tMehr Informationen\t\t<\/a>\n\n\t\t\t\t<\/div>\n\t\t\t\t<\/article>\n\t\t\t\t<article class=\"elementor-post elementor-grid-item post-12834 post type-post status-publish format-standard has-post-thumbnail hentry category-newsletter category-2025-03\" role=\"listitem\">\n\t\t\t\t<a class=\"elementor-post__thumbnail__link\" href=\"https:\/\/www.rollladen-growe.de\/preisliste-06-2025-jetzt-hier-verfuegbar\/\" tabindex=\"-1\" >\n\t\t\t<div class=\"elementor-post__thumbnail\"><img loading=\"lazy\" decoding=\"async\" width=\"2560\" height=\"1067\" src=\"https:\/\/www.rollladen-growe.de\/wp-content\/uploads\/2025\/05\/Katalog_Thumbnail_NL_2025-03_Preisliste-scaled.jpg\" class=\"attachment-full size-full wp-image-12857\" alt=\"\" srcset=\"https:\/\/www.rollladen-growe.de\/wp-content\/uploads\/2025\/05\/Katalog_Thumbnail_NL_2025-03_Preisliste-scaled.jpg 2560w, https:\/\/www.rollladen-growe.de\/wp-content\/uploads\/2025\/05\/Katalog_Thumbnail_NL_2025-03_Preisliste-300x125.jpg 300w, https:\/\/www.rollladen-growe.de\/wp-content\/uploads\/2025\/05\/Katalog_Thumbnail_NL_2025-03_Preisliste-1024x427.jpg 1024w, https:\/\/www.rollladen-growe.de\/wp-content\/uploads\/2025\/05\/Katalog_Thumbnail_NL_2025-03_Preisliste-768x320.jpg 768w, https:\/\/www.rollladen-growe.de\/wp-content\/uploads\/2025\/05\/Katalog_Thumbnail_NL_2025-03_Preisliste-1536x640.jpg 1536w, https:\/\/www.rollladen-growe.de\/wp-content\/uploads\/2025\/05\/Katalog_Thumbnail_NL_2025-03_Preisliste-2048x853.jpg 2048w\" sizes=\"(max-width: 2560px) 100vw, 2560px\" \/><\/div>\n\t\t<\/a>\n\t\t\t\t<div class=\"elementor-post__text\">\n\t\t\t\t<h3 class=\"elementor-post__title\">\n\t\t\t<a href=\"https:\/\/www.rollladen-growe.de\/preisliste-06-2025-jetzt-hier-verfuegbar\/\" >\n\t\t\t\tPreisliste 06\/2025\t\t\t<\/a>\n\t\t<\/h3>\n\t\t\t\t<div class=\"elementor-post__excerpt\">\n\t\t\t<p>Mit unserem Kundenanschreiben vom April 2025 Ausgabe 02 haben wir Sie u\u0308ber die Preisanpassung zum 01.06.2025 informiert. Die Preisliste ist jetzt digital verf\u00fcgbar.<\/p>\n\t\t<\/div>\n\t\t\n\t\t<a class=\"elementor-post__read-more\" href=\"https:\/\/www.rollladen-growe.de\/preisliste-06-2025-jetzt-hier-verfuegbar\/\" aria-label=\"Mehr \u00fcber Preisliste 06\/2025\" tabindex=\"-1\" >\n\t\t\tMehr Informationen\t\t<\/a>\n\n\t\t\t\t<\/div>\n\t\t\t\t<\/article>\n\t\t\t\t<article class=\"elementor-post elementor-grid-item post-12827 post type-post status-publish format-standard has-post-thumbnail hentry category-newsletter category-2025-03\" role=\"listitem\">\n\t\t\t\t<a class=\"elementor-post__thumbnail__link\" href=\"https:\/\/www.rollladen-growe.de\/aktionspaket-2025-2\/\" tabindex=\"-1\" >\n\t\t\t<div class=\"elementor-post__thumbnail\"><img loading=\"lazy\" decoding=\"async\" width=\"659\" height=\"282\" src=\"https:\/\/www.rollladen-growe.de\/wp-content\/uploads\/2025\/04\/Thumbnail_NL_2025-02_AKTION.jpg\" class=\"attachment-full size-full wp-image-12671\" alt=\"\" srcset=\"https:\/\/www.rollladen-growe.de\/wp-content\/uploads\/2025\/04\/Thumbnail_NL_2025-02_AKTION.jpg 659w, https:\/\/www.rollladen-growe.de\/wp-content\/uploads\/2025\/04\/Thumbnail_NL_2025-02_AKTION-300x128.jpg 300w\" sizes=\"(max-width: 659px) 100vw, 659px\" \/><\/div>\n\t\t<\/a>\n\t\t\t\t<div class=\"elementor-post__text\">\n\t\t\t\t<h3 class=\"elementor-post__title\">\n\t\t\t<a href=\"https:\/\/www.rollladen-growe.de\/aktionspaket-2025-2\/\" >\n\t\t\t\tAktionspaket 2025\t\t\t<\/a>\n\t\t<\/h3>\n\t\t\t\t<div class=\"elementor-post__excerpt\">\n\t\t\t<p>Solar-L\u00f6sungen f\u00fcr eine saubere Zukunft erfreuen sich gro\u00dfer Beliebtheit. Erneuerbare Energien und Nachhaltigkeit sowie Minderung der<br \/>\nEnergiekosten und des CO2-Fu\u00dfabdrucks sind die Anforderungen. <\/p>\n\t\t<\/div>\n\t\t\n\t\t<a class=\"elementor-post__read-more\" href=\"https:\/\/www.rollladen-growe.de\/aktionspaket-2025-2\/\" aria-label=\"Mehr \u00fcber Aktionspaket 2025\" tabindex=\"-1\" >\n\t\t\tMehr Informationen\t\t<\/a>\n\n\t\t\t\t<\/div>\n\t\t\t\t<\/article>\n\t\t\t\t<article class=\"elementor-post elementor-grid-item post-12821 post type-post status-publish format-standard has-post-thumbnail hentry category-newsletter category-2025-03\" role=\"listitem\">\n\t\t\t\t<a class=\"elementor-post__thumbnail__link\" href=\"https:\/\/www.rollladen-growe.de\/growe-roltex-unterlagen-24\/\" tabindex=\"-1\" >\n\t\t\t<div class=\"elementor-post__thumbnail\"><img loading=\"lazy\" decoding=\"async\" width=\"2560\" height=\"1067\" src=\"https:\/\/www.rollladen-growe.de\/wp-content\/uploads\/2025\/05\/Katalog_Thumbnail_NL_2025-03_RESA-Katalog-scaled.jpg\" class=\"attachment-full size-full wp-image-12832\" alt=\"\" srcset=\"https:\/\/www.rollladen-growe.de\/wp-content\/uploads\/2025\/05\/Katalog_Thumbnail_NL_2025-03_RESA-Katalog-scaled.jpg 2560w, https:\/\/www.rollladen-growe.de\/wp-content\/uploads\/2025\/05\/Katalog_Thumbnail_NL_2025-03_RESA-Katalog-300x125.jpg 300w, https:\/\/www.rollladen-growe.de\/wp-content\/uploads\/2025\/05\/Katalog_Thumbnail_NL_2025-03_RESA-Katalog-1024x427.jpg 1024w, https:\/\/www.rollladen-growe.de\/wp-content\/uploads\/2025\/05\/Katalog_Thumbnail_NL_2025-03_RESA-Katalog-768x320.jpg 768w, https:\/\/www.rollladen-growe.de\/wp-content\/uploads\/2025\/05\/Katalog_Thumbnail_NL_2025-03_RESA-Katalog-1536x640.jpg 1536w, https:\/\/www.rollladen-growe.de\/wp-content\/uploads\/2025\/05\/Katalog_Thumbnail_NL_2025-03_RESA-Katalog-2048x853.jpg 2048w\" sizes=\"(max-width: 2560px) 100vw, 2560px\" \/><\/div>\n\t\t<\/a>\n\t\t\t\t<div class=\"elementor-post__text\">\n\t\t\t\t<h3 class=\"elementor-post__title\">\n\t\t\t<a href=\"https:\/\/www.rollladen-growe.de\/growe-roltex-unterlagen-24\/\" >\n\t\t\t\tGROWE\/ROLTEX Unterlagen\t\t\t<\/a>\n\t\t<\/h3>\n\t\t\t\t<div class=\"elementor-post__excerpt\">\n\t\t\t<p>Wir m\u00f6chten Sie informieren, dass die Onlineversion aufgrund von technischen \u00c4nderungen und\/oder Neuerungen immer wieder<br \/>\naktualisiert werden. <\/p>\n\t\t<\/div>\n\t\t\n\t\t<a class=\"elementor-post__read-more\" href=\"https:\/\/www.rollladen-growe.de\/growe-roltex-unterlagen-24\/\" aria-label=\"Mehr \u00fcber GROWE\/ROLTEX Unterlagen\" tabindex=\"-1\" >\n\t\t\tMehr Informationen\t\t<\/a>\n\n\t\t\t\t<\/div>\n\t\t\t\t<\/article>\n\t\t\t\t<article class=\"elementor-post elementor-grid-item post-12706 post type-post status-publish format-standard has-post-thumbnail hentry category-newsletter category-2025-02\" role=\"listitem\">\n\t\t\t\t<a class=\"elementor-post__thumbnail__link\" href=\"https:\/\/www.rollladen-growe.de\/growe-roltex-unterlagen-23\/\" tabindex=\"-1\" >\n\t\t\t<div class=\"elementor-post__thumbnail\"><img loading=\"lazy\" decoding=\"async\" width=\"2560\" height=\"1067\" src=\"https:\/\/www.rollladen-growe.de\/wp-content\/uploads\/2025\/04\/Thumbnail_NL_2025-02_Unterlagen_Torsystem-scaled.jpg\" class=\"attachment-full size-full wp-image-12707\" alt=\"\" srcset=\"https:\/\/www.rollladen-growe.de\/wp-content\/uploads\/2025\/04\/Thumbnail_NL_2025-02_Unterlagen_Torsystem-scaled.jpg 2560w, https:\/\/www.rollladen-growe.de\/wp-content\/uploads\/2025\/04\/Thumbnail_NL_2025-02_Unterlagen_Torsystem-300x125.jpg 300w, https:\/\/www.rollladen-growe.de\/wp-content\/uploads\/2025\/04\/Thumbnail_NL_2025-02_Unterlagen_Torsystem-1024x427.jpg 1024w, https:\/\/www.rollladen-growe.de\/wp-content\/uploads\/2025\/04\/Thumbnail_NL_2025-02_Unterlagen_Torsystem-768x320.jpg 768w, https:\/\/www.rollladen-growe.de\/wp-content\/uploads\/2025\/04\/Thumbnail_NL_2025-02_Unterlagen_Torsystem-1536x640.jpg 1536w, https:\/\/www.rollladen-growe.de\/wp-content\/uploads\/2025\/04\/Thumbnail_NL_2025-02_Unterlagen_Torsystem-2048x853.jpg 2048w\" sizes=\"(max-width: 2560px) 100vw, 2560px\" \/><\/div>\n\t\t<\/a>\n\t\t\t\t<div class=\"elementor-post__text\">\n\t\t\t\t<h3 class=\"elementor-post__title\">\n\t\t\t<a href=\"https:\/\/www.rollladen-growe.de\/growe-roltex-unterlagen-23\/\" >\n\t\t\t\tGROWE\/ROLTEX Unterlagen\t\t\t<\/a>\n\t\t<\/h3>\n\t\t\t\t<div class=\"elementor-post__excerpt\">\n\t\t\t<p>Wir m\u00f6chten Sie informieren, dass die Onlineversion aufgrund von technischen \u00c4nderungen und\/oder Neuerungen immer wieder<br \/>\naktualisiert werden. <\/p>\n\t\t<\/div>\n\t\t\n\t\t<a class=\"elementor-post__read-more\" href=\"https:\/\/www.rollladen-growe.de\/growe-roltex-unterlagen-23\/\" aria-label=\"Mehr \u00fcber GROWE\/ROLTEX Unterlagen\" tabindex=\"-1\" >\n\t\t\tMehr Informationen\t\t<\/a>\n\n\t\t\t\t<\/div>\n\t\t\t\t<\/article>\n\t\t\t\t<article class=\"elementor-post elementor-grid-item post-12700 post type-post status-publish format-standard has-post-thumbnail hentry category-newsletter category-2025-02\" role=\"listitem\">\n\t\t\t\t<a class=\"elementor-post__thumbnail__link\" href=\"https:\/\/www.rollladen-growe.de\/information-zur-preisanpassung-ab-dem-01-06-2025\/\" tabindex=\"-1\" >\n\t\t\t<div class=\"elementor-post__thumbnail\"><img loading=\"lazy\" decoding=\"async\" width=\"659\" height=\"282\" src=\"https:\/\/www.rollladen-growe.de\/wp-content\/uploads\/2025\/04\/Thumbnail_NL_2025-02_Information.jpg\" class=\"attachment-full size-full wp-image-12701\" alt=\"\" srcset=\"https:\/\/www.rollladen-growe.de\/wp-content\/uploads\/2025\/04\/Thumbnail_NL_2025-02_Information.jpg 659w, https:\/\/www.rollladen-growe.de\/wp-content\/uploads\/2025\/04\/Thumbnail_NL_2025-02_Information-300x128.jpg 300w\" sizes=\"(max-width: 659px) 100vw, 659px\" \/><\/div>\n\t\t<\/a>\n\t\t\t\t<div class=\"elementor-post__text\">\n\t\t\t\t<h3 class=\"elementor-post__title\">\n\t\t\t<a href=\"https:\/\/www.rollladen-growe.de\/information-zur-preisanpassung-ab-dem-01-06-2025\/\" >\n\t\t\t\tInformation zur Preisanpassung ab dem 01.06.2025\t\t\t<\/a>\n\t\t<\/h3>\n\t\t\t\t<div class=\"elementor-post__excerpt\">\n\t\t\t<p>Die anhaltenden Herausforderungen in der Bauwirtschaft haben in den letzten Jahren zu einem deutlichen R\u00fcckgang von Neubau- und<br \/>\nSanierungsprojekten gef\u00fchrt &#8230;<\/p>\n\t\t<\/div>\n\t\t\n\t\t<a class=\"elementor-post__read-more\" href=\"https:\/\/www.rollladen-growe.de\/information-zur-preisanpassung-ab-dem-01-06-2025\/\" aria-label=\"Mehr \u00fcber Information zur Preisanpassung ab dem 01.06.2025\" tabindex=\"-1\" >\n\t\t\tMehr Informationen\t\t<\/a>\n\n\t\t\t\t<\/div>\n\t\t\t\t<\/article>\n\t\t\t\t<article class=\"elementor-post elementor-grid-item post-12692 post type-post status-publish format-standard has-post-thumbnail hentry category-newsletter category-2025-02\" role=\"listitem\">\n\t\t\t\t<a class=\"elementor-post__thumbnail__link\" href=\"https:\/\/www.rollladen-growe.de\/profilanpassung-bei-aluminium-fuehrungsschiene-rg-und-asv\/\" tabindex=\"-1\" >\n\t\t\t<div class=\"elementor-post__thumbnail\"><img loading=\"lazy\" decoding=\"async\" width=\"659\" height=\"282\" src=\"https:\/\/www.rollladen-growe.de\/wp-content\/uploads\/2025\/04\/Thumbnail_NL_2025-02_Profilanpassung.jpg\" class=\"attachment-full size-full wp-image-12693\" alt=\"\" srcset=\"https:\/\/www.rollladen-growe.de\/wp-content\/uploads\/2025\/04\/Thumbnail_NL_2025-02_Profilanpassung.jpg 659w, https:\/\/www.rollladen-growe.de\/wp-content\/uploads\/2025\/04\/Thumbnail_NL_2025-02_Profilanpassung-300x128.jpg 300w\" sizes=\"(max-width: 659px) 100vw, 659px\" \/><\/div>\n\t\t<\/a>\n\t\t\t\t<div class=\"elementor-post__text\">\n\t\t\t\t<h3 class=\"elementor-post__title\">\n\t\t\t<a href=\"https:\/\/www.rollladen-growe.de\/profilanpassung-bei-aluminium-fuehrungsschiene-rg-und-asv\/\" >\n\t\t\t\tProfilanpassung bei Aluminium F\u00fchrungsschiene RG und ASV\t\t\t<\/a>\n\t\t<\/h3>\n\t\t\t\t<div class=\"elementor-post__excerpt\">\n\t\t\t<p>In der Ausf\u00fchrung Raumseitig geschlossen (RG) und absturzsichernden Verglasung (ASV) wird der seitliche \u00e4u\u00dfere Schenkel von 5 auf 15 mm L\u00e4nge angepasst.<\/p>\n\t\t<\/div>\n\t\t\n\t\t<a class=\"elementor-post__read-more\" href=\"https:\/\/www.rollladen-growe.de\/profilanpassung-bei-aluminium-fuehrungsschiene-rg-und-asv\/\" aria-label=\"Mehr \u00fcber Profilanpassung bei Aluminium F\u00fchrungsschiene RG und ASV\" tabindex=\"-1\" >\n\t\t\tMehr Informationen\t\t<\/a>\n\n\t\t\t\t<\/div>\n\t\t\t\t<\/article>\n\t\t\t\t<article class=\"elementor-post elementor-grid-item post-12685 post type-post status-publish format-standard has-post-thumbnail hentry category-newsletter category-2025-02\" role=\"listitem\">\n\t\t\t\t<a class=\"elementor-post__thumbnail__link\" href=\"https:\/\/www.rollladen-growe.de\/umstellung-des-raffstoremotors-j4-io-protect-auf-j4s-io-protect\/\" tabindex=\"-1\" >\n\t\t\t<div class=\"elementor-post__thumbnail\"><img loading=\"lazy\" decoding=\"async\" width=\"659\" height=\"282\" src=\"https:\/\/www.rollladen-growe.de\/wp-content\/uploads\/2025\/04\/Thumbnail_NL_2025-02_J4SioPROTECT.jpg\" class=\"attachment-full size-full wp-image-12686\" alt=\"\" srcset=\"https:\/\/www.rollladen-growe.de\/wp-content\/uploads\/2025\/04\/Thumbnail_NL_2025-02_J4SioPROTECT.jpg 659w, https:\/\/www.rollladen-growe.de\/wp-content\/uploads\/2025\/04\/Thumbnail_NL_2025-02_J4SioPROTECT-300x128.jpg 300w\" sizes=\"(max-width: 659px) 100vw, 659px\" \/><\/div>\n\t\t<\/a>\n\t\t\t\t<div class=\"elementor-post__text\">\n\t\t\t\t<h3 class=\"elementor-post__title\">\n\t\t\t<a href=\"https:\/\/www.rollladen-growe.de\/umstellung-des-raffstoremotors-j4-io-protect-auf-j4s-io-protect\/\" >\n\t\t\t\tUmstellung des Raffstoremotors J4 io Protect auf J4S io Protect\t\t\t<\/a>\n\t\t<\/h3>\n\t\t\t\t<div class=\"elementor-post__excerpt\">\n\t\t\t<p>Raffstoreelemente die bisher mit Somfy Raffstoreantrieben J4 io Protect geliefert wurden werden ab Bestelleingang 01.04.2025 mit dem neuen J4Sio Protect geliefert.<\/p>\n\t\t<\/div>\n\t\t\n\t\t<a class=\"elementor-post__read-more\" href=\"https:\/\/www.rollladen-growe.de\/umstellung-des-raffstoremotors-j4-io-protect-auf-j4s-io-protect\/\" aria-label=\"Mehr \u00fcber Umstellung des Raffstoremotors J4 io Protect auf J4S io Protect\" tabindex=\"-1\" >\n\t\t\tMehr Informationen\t\t<\/a>\n\n\t\t\t\t<\/div>\n\t\t\t\t<\/article>\n\t\t\t\t<article class=\"elementor-post elementor-grid-item post-12677 post type-post status-publish format-standard has-post-thumbnail hentry category-newsletter category-2025-02\" role=\"listitem\">\n\t\t\t\t<a class=\"elementor-post__thumbnail__link\" href=\"https:\/\/www.rollladen-growe.de\/solar-power-optimal-platzieren\/\" tabindex=\"-1\" >\n\t\t\t<div class=\"elementor-post__thumbnail\"><img loading=\"lazy\" decoding=\"async\" width=\"659\" height=\"282\" src=\"https:\/\/www.rollladen-growe.de\/wp-content\/uploads\/2025\/04\/Thumbnail_NL_2025-02_SOLAR-POWER.jpg\" class=\"attachment-full size-full wp-image-12678\" alt=\"\" srcset=\"https:\/\/www.rollladen-growe.de\/wp-content\/uploads\/2025\/04\/Thumbnail_NL_2025-02_SOLAR-POWER.jpg 659w, https:\/\/www.rollladen-growe.de\/wp-content\/uploads\/2025\/04\/Thumbnail_NL_2025-02_SOLAR-POWER-300x128.jpg 300w\" sizes=\"(max-width: 659px) 100vw, 659px\" \/><\/div>\n\t\t<\/a>\n\t\t\t\t<div class=\"elementor-post__text\">\n\t\t\t\t<h3 class=\"elementor-post__title\">\n\t\t\t<a href=\"https:\/\/www.rollladen-growe.de\/solar-power-optimal-platzieren\/\" >\n\t\t\t\tSolar-Power optimal platzieren\t\t\t<\/a>\n\t\t<\/h3>\n\t\t\t\t<div class=\"elementor-post__excerpt\">\n\t\t\t<p>Um die Sonne effizient zu nutzen und das volle Potenzial der SOLAR L\u00f6sungen richtig auszuf\u00fchren ist es wichtig die SOLAR-Panele richtig zu montieren.<\/p>\n\t\t<\/div>\n\t\t\n\t\t<a class=\"elementor-post__read-more\" href=\"https:\/\/www.rollladen-growe.de\/solar-power-optimal-platzieren\/\" aria-label=\"Mehr \u00fcber Solar-Power optimal platzieren\" tabindex=\"-1\" >\n\t\t\tMehr Informationen\t\t<\/a>\n\n\t\t\t\t<\/div>\n\t\t\t\t<\/article>\n\t\t\t\t<article class=\"elementor-post elementor-grid-item post-12669 post type-post status-publish format-standard has-post-thumbnail hentry category-newsletter category-2025-02\" role=\"listitem\">\n\t\t\t\t<a class=\"elementor-post__thumbnail__link\" href=\"https:\/\/www.rollladen-growe.de\/aktionspaket-2025\/\" tabindex=\"-1\" >\n\t\t\t<div class=\"elementor-post__thumbnail\"><img loading=\"lazy\" decoding=\"async\" width=\"659\" height=\"282\" src=\"https:\/\/www.rollladen-growe.de\/wp-content\/uploads\/2025\/04\/Thumbnail_NL_2025-02_AKTION.jpg\" class=\"attachment-full size-full wp-image-12671\" alt=\"\" srcset=\"https:\/\/www.rollladen-growe.de\/wp-content\/uploads\/2025\/04\/Thumbnail_NL_2025-02_AKTION.jpg 659w, https:\/\/www.rollladen-growe.de\/wp-content\/uploads\/2025\/04\/Thumbnail_NL_2025-02_AKTION-300x128.jpg 300w\" sizes=\"(max-width: 659px) 100vw, 659px\" \/><\/div>\n\t\t<\/a>\n\t\t\t\t<div class=\"elementor-post__text\">\n\t\t\t\t<h3 class=\"elementor-post__title\">\n\t\t\t<a href=\"https:\/\/www.rollladen-growe.de\/aktionspaket-2025\/\" >\n\t\t\t\tAktionspaket 2025\t\t\t<\/a>\n\t\t<\/h3>\n\t\t\t\t<div class=\"elementor-post__excerpt\">\n\t\t\t<p>Solar-L\u00f6sungen f\u00fcr eine saubere Zukunft erfreuen sich gro\u00dfer Beliebtheit. Erneuerbare Energien und Nachhaltigkeit sowie Minderung der<br \/>\nEnergiekosten und des CO2-Fu\u00dfabdrucks sind die Anforderungen. <\/p>\n\t\t<\/div>\n\t\t\n\t\t<a class=\"elementor-post__read-more\" href=\"https:\/\/www.rollladen-growe.de\/aktionspaket-2025\/\" aria-label=\"Mehr \u00fcber Aktionspaket 2025\" tabindex=\"-1\" >\n\t\t\tMehr Informationen\t\t<\/a>\n\n\t\t\t\t<\/div>\n\t\t\t\t<\/article>\n\t\t\t\t<article class=\"elementor-post elementor-grid-item post-12621 post type-post status-publish format-standard has-post-thumbnail hentry category-allgemein\" role=\"listitem\">\n\t\t\t\t<a class=\"elementor-post__thumbnail__link\" href=\"https:\/\/www.rollladen-growe.de\/30-jahre-b-growe-gmbh\/\" tabindex=\"-1\" >\n\t\t\t<div class=\"elementor-post__thumbnail\"><img loading=\"lazy\" decoding=\"async\" width=\"659\" height=\"282\" src=\"https:\/\/www.rollladen-growe.de\/wp-content\/uploads\/2025\/01\/Thumbnail_30-jahre-wittstock.webp\" class=\"attachment-full size-full wp-image-12622\" alt=\"\" srcset=\"https:\/\/www.rollladen-growe.de\/wp-content\/uploads\/2025\/01\/Thumbnail_30-jahre-wittstock.webp 659w, https:\/\/www.rollladen-growe.de\/wp-content\/uploads\/2025\/01\/Thumbnail_30-jahre-wittstock-300x128.webp 300w\" sizes=\"(max-width: 659px) 100vw, 659px\" \/><\/div>\n\t\t<\/a>\n\t\t\t\t<div class=\"elementor-post__text\">\n\t\t\t\t<h3 class=\"elementor-post__title\">\n\t\t\t<a href=\"https:\/\/www.rollladen-growe.de\/30-jahre-b-growe-gmbh\/\" >\n\t\t\t\t30 Jahre B. Growe GmbH\t\t\t<\/a>\n\t\t<\/h3>\n\t\t\t\t<div class=\"elementor-post__excerpt\">\n\t\t\t<p>Seit drei Jahrzehnten produzieren wir in Wittstock hochwertige Rolll\u00e4den und Sonnenschutzsysteme. Mit Stolz blicken wir auf unsere Geschichte und die gelungene Jubil\u00e4umsfeier zur\u00fcck \u2013 und freuen uns auf viele weitere gemeinsame Jahre!<\/p>\n\t\t<\/div>\n\t\t\n\t\t<a class=\"elementor-post__read-more\" href=\"https:\/\/www.rollladen-growe.de\/30-jahre-b-growe-gmbh\/\" aria-label=\"Mehr \u00fcber 30 Jahre B. Growe GmbH\" tabindex=\"-1\" >\n\t\t\tMehr Informationen\t\t<\/a>\n\n\t\t\t\t<\/div>\n\t\t\t\t<\/article>\n\t\t\t\t<article class=\"elementor-post elementor-grid-item post-12604 post type-post status-publish format-standard has-post-thumbnail hentry category-allgemein\" role=\"listitem\">\n\t\t\t\t<a class=\"elementor-post__thumbnail__link\" href=\"https:\/\/www.rollladen-growe.de\/rueckblick-fensterbau-frontale-2024\/\" tabindex=\"-1\" >\n\t\t\t<div class=\"elementor-post__thumbnail\"><img loading=\"lazy\" decoding=\"async\" width=\"659\" height=\"282\" src=\"https:\/\/www.rollladen-growe.de\/wp-content\/uploads\/2025\/01\/Thumbnail_fensterbau-frontale.webp\" class=\"attachment-full size-full wp-image-12605\" alt=\"\" srcset=\"https:\/\/www.rollladen-growe.de\/wp-content\/uploads\/2025\/01\/Thumbnail_fensterbau-frontale.webp 659w, https:\/\/www.rollladen-growe.de\/wp-content\/uploads\/2025\/01\/Thumbnail_fensterbau-frontale-300x128.webp 300w\" sizes=\"(max-width: 659px) 100vw, 659px\" \/><\/div>\n\t\t<\/a>\n\t\t\t\t<div class=\"elementor-post__text\">\n\t\t\t\t<h3 class=\"elementor-post__title\">\n\t\t\t<a href=\"https:\/\/www.rollladen-growe.de\/rueckblick-fensterbau-frontale-2024\/\" >\n\t\t\t\tR\u00fcckblick FENSTERBAU FRONTALE 2024\t\t\t<\/a>\n\t\t<\/h3>\n\t\t\t\t<div class=\"elementor-post__excerpt\">\n\t\t\t<p>Wir blicken auf eine erfolgreiche Messe in N\u00fcrnberg zur\u00fcck! Auf der FENSTERBAU FRONTALE 2024 konnten wir unsere neuesten Innovationen im Bereich Fenster- und Fassadenbau pr\u00e4sentieren und uns mit vielen Kunden und Partnern austauschen.<\/p>\n\t\t<\/div>\n\t\t\n\t\t<a class=\"elementor-post__read-more\" href=\"https:\/\/www.rollladen-growe.de\/rueckblick-fensterbau-frontale-2024\/\" aria-label=\"Mehr \u00fcber R\u00fcckblick FENSTERBAU FRONTALE 2024\" tabindex=\"-1\" >\n\t\t\tMehr Informationen\t\t<\/a>\n\n\t\t\t\t<\/div>\n\t\t\t\t<\/article>\n\t\t\t\t<article class=\"elementor-post elementor-grid-item post-12552 post type-post status-publish format-standard has-post-thumbnail hentry category-newsletter category-2025-01\" role=\"listitem\">\n\t\t\t\t<a class=\"elementor-post__thumbnail__link\" href=\"https:\/\/www.rollladen-growe.de\/aenderungen-im-farbprogramm-des-rollladenprofils-a-521\/\" tabindex=\"-1\" >\n\t\t\t<div class=\"elementor-post__thumbnail\"><img loading=\"lazy\" decoding=\"async\" width=\"659\" height=\"282\" src=\"https:\/\/www.rollladen-growe.de\/wp-content\/uploads\/2025\/01\/Thumbnail_NL_2025-01_Farbprogramm.jpg\" class=\"attachment-full size-full wp-image-12553\" alt=\"\" srcset=\"https:\/\/www.rollladen-growe.de\/wp-content\/uploads\/2025\/01\/Thumbnail_NL_2025-01_Farbprogramm.jpg 659w, https:\/\/www.rollladen-growe.de\/wp-content\/uploads\/2025\/01\/Thumbnail_NL_2025-01_Farbprogramm-300x128.jpg 300w\" sizes=\"(max-width: 659px) 100vw, 659px\" \/><\/div>\n\t\t<\/a>\n\t\t\t\t<div class=\"elementor-post__text\">\n\t\t\t\t<h3 class=\"elementor-post__title\">\n\t\t\t<a href=\"https:\/\/www.rollladen-growe.de\/aenderungen-im-farbprogramm-des-rollladenprofils-a-521\/\" >\n\t\t\t\t\u00c4nderungen im Farbprogramm des Rollladenprofils A 521\t\t\t<\/a>\n\t\t<\/h3>\n\t\t\t\t<div class=\"elementor-post__excerpt\">\n\t\t\t<p>Aufgrund von Markttrends ist jetzt auch das Profil A 521 in der Farbe Tiefschwarz (\u00e4hnlich RAL 9005) erh\u00e4ltlich. <\/p>\n\t\t<\/div>\n\t\t\n\t\t<a class=\"elementor-post__read-more\" href=\"https:\/\/www.rollladen-growe.de\/aenderungen-im-farbprogramm-des-rollladenprofils-a-521\/\" aria-label=\"Mehr \u00fcber \u00c4nderungen im Farbprogramm des Rollladenprofils A 521\" tabindex=\"-1\" >\n\t\t\tMehr Informationen\t\t<\/a>\n\n\t\t\t\t<\/div>\n\t\t\t\t<\/article>\n\t\t\t\t<article class=\"elementor-post elementor-grid-item post-12543 post type-post status-publish format-standard has-post-thumbnail hentry category-newsletter category-2025-01\" role=\"listitem\">\n\t\t\t\t<a class=\"elementor-post__thumbnail__link\" href=\"https:\/\/www.rollladen-growe.de\/2-info-umstellung-auf-die-neue-ilmo-3-50-wt-baureihe\/\" tabindex=\"-1\" >\n\t\t\t<div class=\"elementor-post__thumbnail\"><img loading=\"lazy\" decoding=\"async\" width=\"659\" height=\"282\" src=\"https:\/\/www.rollladen-growe.de\/wp-content\/uploads\/2025\/01\/Thumbnail_NL_2025-01_-ILMO-3-50-WT-Baureihe.jpg\" class=\"attachment-full size-full wp-image-12544\" alt=\"\" srcset=\"https:\/\/www.rollladen-growe.de\/wp-content\/uploads\/2025\/01\/Thumbnail_NL_2025-01_-ILMO-3-50-WT-Baureihe.jpg 659w, https:\/\/www.rollladen-growe.de\/wp-content\/uploads\/2025\/01\/Thumbnail_NL_2025-01_-ILMO-3-50-WT-Baureihe-300x128.jpg 300w\" sizes=\"(max-width: 659px) 100vw, 659px\" \/><\/div>\n\t\t<\/a>\n\t\t\t\t<div class=\"elementor-post__text\">\n\t\t\t\t<h3 class=\"elementor-post__title\">\n\t\t\t<a href=\"https:\/\/www.rollladen-growe.de\/2-info-umstellung-auf-die-neue-ilmo-3-50-wt-baureihe\/\" >\n\t\t\t\t2. Info \/ Umstellung auf die neue ILMO 3 50 WT Baureihe\t\t\t<\/a>\n\t\t<\/h3>\n\t\t\t\t<div class=\"elementor-post__excerpt\">\n\t\t\t<p>Mit dem neuen elektronischen Rollladenantrieb ILMO 3 50 WT wird die bew\u00e4hrte und erfolgreiche Produktlinie am Markt in die n\u00e4chste Generation gef\u00fchrt.<\/p>\n\t\t<\/div>\n\t\t\n\t\t<a class=\"elementor-post__read-more\" href=\"https:\/\/www.rollladen-growe.de\/2-info-umstellung-auf-die-neue-ilmo-3-50-wt-baureihe\/\" aria-label=\"Mehr \u00fcber 2. Info \/ Umstellung auf die neue ILMO 3 50 WT Baureihe\" tabindex=\"-1\" >\n\t\t\tMehr Informationen\t\t<\/a>\n\n\t\t\t\t<\/div>\n\t\t\t\t<\/article>\n\t\t\t\t<article class=\"elementor-post elementor-grid-item post-12532 post type-post status-publish format-standard has-post-thumbnail hentry category-newsletter category-2025-01\" role=\"listitem\">\n\t\t\t\t<a class=\"elementor-post__thumbnail__link\" href=\"https:\/\/www.rollladen-growe.de\/service-anpassung-der-stundensaetze\/\" tabindex=\"-1\" >\n\t\t\t<div class=\"elementor-post__thumbnail\"><img loading=\"lazy\" decoding=\"async\" width=\"659\" height=\"282\" src=\"https:\/\/www.rollladen-growe.de\/wp-content\/uploads\/2025\/01\/Thumbnail_NL_2025-01_Service.jpg\" class=\"attachment-full size-full wp-image-12533\" alt=\"\" srcset=\"https:\/\/www.rollladen-growe.de\/wp-content\/uploads\/2025\/01\/Thumbnail_NL_2025-01_Service.jpg 659w, https:\/\/www.rollladen-growe.de\/wp-content\/uploads\/2025\/01\/Thumbnail_NL_2025-01_Service-300x128.jpg 300w\" sizes=\"(max-width: 659px) 100vw, 659px\" \/><\/div>\n\t\t<\/a>\n\t\t\t\t<div class=\"elementor-post__text\">\n\t\t\t\t<h3 class=\"elementor-post__title\">\n\t\t\t<a href=\"https:\/\/www.rollladen-growe.de\/service-anpassung-der-stundensaetze\/\" >\n\t\t\t\tService Anpassung der Stundens\u00e4tze\t\t\t<\/a>\n\t\t<\/h3>\n\t\t\t\t<div class=\"elementor-post__excerpt\">\n\t\t\t<p>Auf Grund stetig steigender Energie- und Lohnkosten m\u00fcssen wir uns der Entwicklung anpassen &#8230;<\/p>\n\t\t<\/div>\n\t\t\n\t\t<a class=\"elementor-post__read-more\" href=\"https:\/\/www.rollladen-growe.de\/service-anpassung-der-stundensaetze\/\" aria-label=\"Mehr \u00fcber Service Anpassung der Stundens\u00e4tze\" tabindex=\"-1\" >\n\t\t\tMehr Informationen\t\t<\/a>\n\n\t\t\t\t<\/div>\n\t\t\t\t<\/article>\n\t\t\t\t<article class=\"elementor-post elementor-grid-item post-12520 post type-post status-publish format-standard has-post-thumbnail hentry category-newsletter category-2025-01\" role=\"listitem\">\n\t\t\t\t<a class=\"elementor-post__thumbnail__link\" href=\"https:\/\/www.rollladen-growe.de\/abverkauf-pl1-plissee-fuer-tueren-zum-31-03-2025\/\" tabindex=\"-1\" >\n\t\t\t<div class=\"elementor-post__thumbnail\"><img loading=\"lazy\" decoding=\"async\" width=\"659\" height=\"282\" src=\"https:\/\/www.rollladen-growe.de\/wp-content\/uploads\/2025\/01\/Thumbnail_NL_2025-01_Abverkauf.jpg\" class=\"attachment-full size-full wp-image-12521\" alt=\"\" srcset=\"https:\/\/www.rollladen-growe.de\/wp-content\/uploads\/2025\/01\/Thumbnail_NL_2025-01_Abverkauf.jpg 659w, https:\/\/www.rollladen-growe.de\/wp-content\/uploads\/2025\/01\/Thumbnail_NL_2025-01_Abverkauf-300x128.jpg 300w\" sizes=\"(max-width: 659px) 100vw, 659px\" \/><\/div>\n\t\t<\/a>\n\t\t\t\t<div class=\"elementor-post__text\">\n\t\t\t\t<h3 class=\"elementor-post__title\">\n\t\t\t<a href=\"https:\/\/www.rollladen-growe.de\/abverkauf-pl1-plissee-fuer-tueren-zum-31-03-2025\/\" >\n\t\t\t\tAbverkauf PL1 \u2013 Plissee f\u00fcr T\u00fcren zum 31.03.2025\t\t\t<\/a>\n\t\t<\/h3>\n\t\t\t\t<div class=\"elementor-post__excerpt\">\n\t\t\t<p>Die Produktserie Plissee PL1 f\u00fcr T\u00fcren wird abverkauft und zum 01.04.2025 aus dem Programm genommen.<\/p>\n\t\t<\/div>\n\t\t\n\t\t<a class=\"elementor-post__read-more\" href=\"https:\/\/www.rollladen-growe.de\/abverkauf-pl1-plissee-fuer-tueren-zum-31-03-2025\/\" aria-label=\"Mehr \u00fcber Abverkauf PL1 \u2013 Plissee f\u00fcr T\u00fcren zum 31.03.2025\" tabindex=\"-1\" >\n\t\t\tMehr Informationen\t\t<\/a>\n\n\t\t\t\t<\/div>\n\t\t\t\t<\/article>\n\t\t\t\t<article class=\"elementor-post elementor-grid-item post-12511 post type-post status-publish format-standard has-post-thumbnail hentry category-newsletter category-2025-01\" role=\"listitem\">\n\t\t\t\t<a class=\"elementor-post__thumbnail__link\" href=\"https:\/\/www.rollladen-growe.de\/funkwandsender-amy-io-von-somfy\/\" tabindex=\"-1\" >\n\t\t\t<div class=\"elementor-post__thumbnail\"><img loading=\"lazy\" decoding=\"async\" width=\"659\" height=\"282\" src=\"https:\/\/www.rollladen-growe.de\/wp-content\/uploads\/2025\/01\/Thumbnail_NL_2025-01_Funkwandsender.jpg\" class=\"attachment-full size-full wp-image-12513\" alt=\"\" srcset=\"https:\/\/www.rollladen-growe.de\/wp-content\/uploads\/2025\/01\/Thumbnail_NL_2025-01_Funkwandsender.jpg 659w, https:\/\/www.rollladen-growe.de\/wp-content\/uploads\/2025\/01\/Thumbnail_NL_2025-01_Funkwandsender-300x128.jpg 300w\" sizes=\"(max-width: 659px) 100vw, 659px\" \/><\/div>\n\t\t<\/a>\n\t\t\t\t<div class=\"elementor-post__text\">\n\t\t\t\t<h3 class=\"elementor-post__title\">\n\t\t\t<a href=\"https:\/\/www.rollladen-growe.de\/funkwandsender-amy-io-von-somfy\/\" >\n\t\t\t\tFunkwandsender Amy io von Somfy\t\t\t<\/a>\n\t\t<\/h3>\n\t\t\t\t<div class=\"elementor-post__excerpt\">\n\t\t\t<p>Mit der neuen Funksender Generation \u201eAmy io\u201c mit integriertem Temperatursensor k\u00f6nnen Endverbraucher den Temperaturkomfort und die Energieeffizienz in Ihrem Zuhause automatisch steuern.<\/p>\n\t\t<\/div>\n\t\t\n\t\t<a class=\"elementor-post__read-more\" href=\"https:\/\/www.rollladen-growe.de\/funkwandsender-amy-io-von-somfy\/\" aria-label=\"Mehr \u00fcber Funkwandsender Amy io von Somfy\" tabindex=\"-1\" >\n\t\t\tMehr Informationen\t\t<\/a>\n\n\t\t\t\t<\/div>\n\t\t\t\t<\/article>\n\t\t\t\t<article class=\"elementor-post elementor-grid-item post-12442 post type-post status-publish format-standard has-post-thumbnail hentry category-newsletter category-2024-07\" role=\"listitem\">\n\t\t\t\t<a class=\"elementor-post__thumbnail__link\" href=\"https:\/\/www.rollladen-growe.de\/growe-roltex-unterlagen-22\/\" tabindex=\"-1\" >\n\t\t\t<div class=\"elementor-post__thumbnail\"><img loading=\"lazy\" decoding=\"async\" width=\"659\" height=\"282\" src=\"https:\/\/www.rollladen-growe.de\/wp-content\/uploads\/2024\/12\/Thumbnail_NL_2024-12_Unterlagen.jpg\" class=\"attachment-full size-full wp-image-12443\" alt=\"\" srcset=\"https:\/\/www.rollladen-growe.de\/wp-content\/uploads\/2024\/12\/Thumbnail_NL_2024-12_Unterlagen.jpg 659w, https:\/\/www.rollladen-growe.de\/wp-content\/uploads\/2024\/12\/Thumbnail_NL_2024-12_Unterlagen-300x128.jpg 300w\" sizes=\"(max-width: 659px) 100vw, 659px\" \/><\/div>\n\t\t<\/a>\n\t\t\t\t<div class=\"elementor-post__text\">\n\t\t\t\t<h3 class=\"elementor-post__title\">\n\t\t\t<a href=\"https:\/\/www.rollladen-growe.de\/growe-roltex-unterlagen-22\/\" >\n\t\t\t\tGROWE\/ROLTEX-Unterlagen\t\t\t<\/a>\n\t\t<\/h3>\n\t\t\t\t<div class=\"elementor-post__excerpt\">\n\t\t\t<p>Wir m\u00f6chten Sie informieren, dass die Onlineversion aufgrund von technischen \u00c4nderungen und\/oder Neuerungen immer wieder<br \/>\naktualisiert werden. <\/p>\n\t\t<\/div>\n\t\t\n\t\t<a class=\"elementor-post__read-more\" href=\"https:\/\/www.rollladen-growe.de\/growe-roltex-unterlagen-22\/\" aria-label=\"Mehr \u00fcber GROWE\/ROLTEX-Unterlagen\" tabindex=\"-1\" >\n\t\t\tMehr Informationen\t\t<\/a>\n\n\t\t\t\t<\/div>\n\t\t\t\t<\/article>\n\t\t\t\t<article class=\"elementor-post elementor-grid-item post-12436 post type-post status-publish format-standard has-post-thumbnail hentry category-newsletter category-2024-07\" role=\"listitem\">\n\t\t\t\t<a class=\"elementor-post__thumbnail__link\" href=\"https:\/\/www.rollladen-growe.de\/growe-roltex-schulungen-3\/\" tabindex=\"-1\" >\n\t\t\t<div class=\"elementor-post__thumbnail\"><img loading=\"lazy\" decoding=\"async\" width=\"2560\" height=\"1064\" src=\"https:\/\/www.rollladen-growe.de\/wp-content\/uploads\/2024\/10\/Schulungen_Thumbnail_2024-10-scaled.jpg\" class=\"attachment-full size-full wp-image-12307\" alt=\"\" srcset=\"https:\/\/www.rollladen-growe.de\/wp-content\/uploads\/2024\/10\/Schulungen_Thumbnail_2024-10-scaled.jpg 2560w, https:\/\/www.rollladen-growe.de\/wp-content\/uploads\/2024\/10\/Schulungen_Thumbnail_2024-10-300x125.jpg 300w, https:\/\/www.rollladen-growe.de\/wp-content\/uploads\/2024\/10\/Schulungen_Thumbnail_2024-10-1024x425.jpg 1024w, https:\/\/www.rollladen-growe.de\/wp-content\/uploads\/2024\/10\/Schulungen_Thumbnail_2024-10-768x319.jpg 768w, https:\/\/www.rollladen-growe.de\/wp-content\/uploads\/2024\/10\/Schulungen_Thumbnail_2024-10-1536x638.jpg 1536w, https:\/\/www.rollladen-growe.de\/wp-content\/uploads\/2024\/10\/Schulungen_Thumbnail_2024-10-2048x851.jpg 2048w\" sizes=\"(max-width: 2560px) 100vw, 2560px\" \/><\/div>\n\t\t<\/a>\n\t\t\t\t<div class=\"elementor-post__text\">\n\t\t\t\t<h3 class=\"elementor-post__title\">\n\t\t\t<a href=\"https:\/\/www.rollladen-growe.de\/growe-roltex-schulungen-3\/\" >\n\t\t\t\tGROWE\/ROLTEX Schulungen\t\t\t<\/a>\n\t\t<\/h3>\n\t\t\t\t<div class=\"elementor-post__excerpt\">\n\t\t\t<p>W\u00e4hlen Sie jetzt Ihre Schulungen f\u00fcr das Jahr 2025 und bleiben Sie stets auf dem Laufenden!<\/p>\n\t\t<\/div>\n\t\t\n\t\t<a class=\"elementor-post__read-more\" href=\"https:\/\/www.rollladen-growe.de\/growe-roltex-schulungen-3\/\" aria-label=\"Mehr \u00fcber GROWE\/ROLTEX Schulungen\" tabindex=\"-1\" >\n\t\t\tMehr Informationen\t\t<\/a>\n\n\t\t\t\t<\/div>\n\t\t\t\t<\/article>\n\t\t\t\t<article class=\"elementor-post elementor-grid-item post-12428 post type-post status-publish format-standard has-post-thumbnail hentry category-newsletter category-2024-07\" role=\"listitem\">\n\t\t\t\t<a class=\"elementor-post__thumbnail__link\" href=\"https:\/\/www.rollladen-growe.de\/umstellung-auf-die-neue-ilmo-3-50-wt-baureihe\/\" tabindex=\"-1\" >\n\t\t\t<div class=\"elementor-post__thumbnail\"><img loading=\"lazy\" decoding=\"async\" width=\"659\" height=\"282\" src=\"https:\/\/www.rollladen-growe.de\/wp-content\/uploads\/2024\/12\/Thumbnail_NL_2024-12_-ILMO-3-50-WT-Baureihe.jpg\" class=\"attachment-full size-full wp-image-12429\" alt=\"\" srcset=\"https:\/\/www.rollladen-growe.de\/wp-content\/uploads\/2024\/12\/Thumbnail_NL_2024-12_-ILMO-3-50-WT-Baureihe.jpg 659w, https:\/\/www.rollladen-growe.de\/wp-content\/uploads\/2024\/12\/Thumbnail_NL_2024-12_-ILMO-3-50-WT-Baureihe-300x128.jpg 300w\" sizes=\"(max-width: 659px) 100vw, 659px\" \/><\/div>\n\t\t<\/a>\n\t\t\t\t<div class=\"elementor-post__text\">\n\t\t\t\t<h3 class=\"elementor-post__title\">\n\t\t\t<a href=\"https:\/\/www.rollladen-growe.de\/umstellung-auf-die-neue-ilmo-3-50-wt-baureihe\/\" >\n\t\t\t\tUmstellung auf die neue ILMO 3 50 WT Baureihe\t\t\t<\/a>\n\t\t<\/h3>\n\t\t\t\t<div class=\"elementor-post__excerpt\">\n\t\t\t<p>Mit dem neuen elektronischen Rollladenantrieb ILMO 3 50 WT wird die bew\u00e4hrte und erfolgreiche Produktlinie am Markt in die n\u00e4chste Generation gef\u00fchrt. <\/p>\n\t\t<\/div>\n\t\t\n\t\t<a class=\"elementor-post__read-more\" href=\"https:\/\/www.rollladen-growe.de\/umstellung-auf-die-neue-ilmo-3-50-wt-baureihe\/\" aria-label=\"Mehr \u00fcber Umstellung auf die neue ILMO 3 50 WT Baureihe\" tabindex=\"-1\" >\n\t\t\tMehr Informationen\t\t<\/a>\n\n\t\t\t\t<\/div>\n\t\t\t\t<\/article>\n\t\t\t\t<article class=\"elementor-post elementor-grid-item post-12418 post type-post status-publish format-standard has-post-thumbnail hentry category-newsletter category-2024-07\" role=\"listitem\">\n\t\t\t\t<a class=\"elementor-post__thumbnail__link\" href=\"https:\/\/www.rollladen-growe.de\/aenderung-der-standardbelegung-des-stahlverstaerkungseisen-2\/\" tabindex=\"-1\" >\n\t\t\t<div class=\"elementor-post__thumbnail\"><img loading=\"lazy\" decoding=\"async\" width=\"659\" height=\"282\" src=\"https:\/\/www.rollladen-growe.de\/wp-content\/uploads\/2024\/12\/Thumbnail_NL_2024-12_Stahlverstaerkungseisen.jpg\" class=\"attachment-full size-full wp-image-12419\" alt=\"\" srcset=\"https:\/\/www.rollladen-growe.de\/wp-content\/uploads\/2024\/12\/Thumbnail_NL_2024-12_Stahlverstaerkungseisen.jpg 659w, https:\/\/www.rollladen-growe.de\/wp-content\/uploads\/2024\/12\/Thumbnail_NL_2024-12_Stahlverstaerkungseisen-300x128.jpg 300w\" sizes=\"(max-width: 659px) 100vw, 659px\" \/><\/div>\n\t\t<\/a>\n\t\t\t\t<div class=\"elementor-post__text\">\n\t\t\t\t<h3 class=\"elementor-post__title\">\n\t\t\t<a href=\"https:\/\/www.rollladen-growe.de\/aenderung-der-standardbelegung-des-stahlverstaerkungseisen-2\/\" >\n\t\t\t\t\u00c4nderung der Standardbelegung des Stahlverst\u00e4rkungseisen\t\t\t<\/a>\n\t\t<\/h3>\n\t\t\t\t<div class=\"elementor-post__excerpt\">\n\t\t\t<p>Da Aufsatzk\u00e4sten mit dem Spezialverst\u00e4rkungseisen 5608 einfacher zu montieren sind, ist es in der Erfassung im Standard vorbelegt. <\/p>\n\t\t<\/div>\n\t\t\n\t\t<a class=\"elementor-post__read-more\" href=\"https:\/\/www.rollladen-growe.de\/aenderung-der-standardbelegung-des-stahlverstaerkungseisen-2\/\" aria-label=\"Mehr \u00fcber \u00c4nderung der Standardbelegung des Stahlverst\u00e4rkungseisen\" tabindex=\"-1\" >\n\t\t\tMehr Informationen\t\t<\/a>\n\n\t\t\t\t<\/div>\n\t\t\t\t<\/article>\n\t\t\t\t<article class=\"elementor-post elementor-grid-item post-12408 post type-post status-publish format-standard has-post-thumbnail hentry category-newsletter category-2024-07\" role=\"listitem\">\n\t\t\t\t<a class=\"elementor-post__thumbnail__link\" href=\"https:\/\/www.rollladen-growe.de\/betriebsferien-4\/\" tabindex=\"-1\" >\n\t\t\t<div class=\"elementor-post__thumbnail\"><img loading=\"lazy\" decoding=\"async\" width=\"659\" height=\"282\" src=\"https:\/\/www.rollladen-growe.de\/wp-content\/uploads\/2024\/12\/Thumbnail_NL_2024-12_Weihnachten.jpg\" class=\"attachment-full size-full wp-image-12421\" alt=\"\" srcset=\"https:\/\/www.rollladen-growe.de\/wp-content\/uploads\/2024\/12\/Thumbnail_NL_2024-12_Weihnachten.jpg 659w, https:\/\/www.rollladen-growe.de\/wp-content\/uploads\/2024\/12\/Thumbnail_NL_2024-12_Weihnachten-300x128.jpg 300w\" sizes=\"(max-width: 659px) 100vw, 659px\" \/><\/div>\n\t\t<\/a>\n\t\t\t\t<div class=\"elementor-post__text\">\n\t\t\t\t<h3 class=\"elementor-post__title\">\n\t\t\t<a href=\"https:\/\/www.rollladen-growe.de\/betriebsferien-4\/\" >\n\t\t\t\tBetriebsferien\t\t\t<\/a>\n\t\t<\/h3>\n\t\t\t\t<div class=\"elementor-post__excerpt\">\n\t\t\t<p>Wir m\u00f6chten Sie dar\u00fcber informieren, dass an den Standorten unterschiedliche Betriebsferien gelten.<\/p>\n\t\t<\/div>\n\t\t\n\t\t<a class=\"elementor-post__read-more\" href=\"https:\/\/www.rollladen-growe.de\/betriebsferien-4\/\" aria-label=\"Mehr \u00fcber Betriebsferien\" tabindex=\"-1\" >\n\t\t\tMehr Informationen\t\t<\/a>\n\n\t\t\t\t<\/div>\n\t\t\t\t<\/article>\n\t\t\t\t<article class=\"elementor-post elementor-grid-item post-12323 post type-post status-publish format-standard has-post-thumbnail hentry category-newsletter category-2024-06\" role=\"listitem\">\n\t\t\t\t<a class=\"elementor-post__thumbnail__link\" href=\"https:\/\/www.rollladen-growe.de\/growe-roltex-unterlagen-21\/\" tabindex=\"-1\" >\n\t\t\t<div class=\"elementor-post__thumbnail\"><img loading=\"lazy\" decoding=\"async\" width=\"2560\" height=\"1067\" src=\"https:\/\/www.rollladen-growe.de\/wp-content\/uploads\/2024\/10\/Katalog_Torsystem_Thumbnail_2024-scaled.jpg\" class=\"attachment-full size-full wp-image-12329\" alt=\"\" srcset=\"https:\/\/www.rollladen-growe.de\/wp-content\/uploads\/2024\/10\/Katalog_Torsystem_Thumbnail_2024-scaled.jpg 2560w, https:\/\/www.rollladen-growe.de\/wp-content\/uploads\/2024\/10\/Katalog_Torsystem_Thumbnail_2024-300x125.jpg 300w, https:\/\/www.rollladen-growe.de\/wp-content\/uploads\/2024\/10\/Katalog_Torsystem_Thumbnail_2024-1024x427.jpg 1024w, https:\/\/www.rollladen-growe.de\/wp-content\/uploads\/2024\/10\/Katalog_Torsystem_Thumbnail_2024-768x320.jpg 768w, https:\/\/www.rollladen-growe.de\/wp-content\/uploads\/2024\/10\/Katalog_Torsystem_Thumbnail_2024-1536x640.jpg 1536w, https:\/\/www.rollladen-growe.de\/wp-content\/uploads\/2024\/10\/Katalog_Torsystem_Thumbnail_2024-2048x853.jpg 2048w\" sizes=\"(max-width: 2560px) 100vw, 2560px\" \/><\/div>\n\t\t<\/a>\n\t\t\t\t<div class=\"elementor-post__text\">\n\t\t\t\t<h3 class=\"elementor-post__title\">\n\t\t\t<a href=\"https:\/\/www.rollladen-growe.de\/growe-roltex-unterlagen-21\/\" >\n\t\t\t\tGROWE\/ROLTEX-Unterlagen\t\t\t<\/a>\n\t\t<\/h3>\n\t\t\t\t<div class=\"elementor-post__excerpt\">\n\t\t\t<p>Wir m\u00f6chten Sie informieren, dass die Onlineversion des Torsysteme-Katalogs aufgrund von technischen \u00c4nderungen und Anpassungen aktualisiert wurde.<\/p>\n\t\t<\/div>\n\t\t\n\t\t<a class=\"elementor-post__read-more\" href=\"https:\/\/www.rollladen-growe.de\/growe-roltex-unterlagen-21\/\" aria-label=\"Mehr \u00fcber GROWE\/ROLTEX-Unterlagen\" tabindex=\"-1\" >\n\t\t\tMehr Informationen\t\t<\/a>\n\n\t\t\t\t<\/div>\n\t\t\t\t<\/article>\n\t\t\t\t<article class=\"elementor-post elementor-grid-item post-12301 post type-post status-publish format-standard has-post-thumbnail hentry category-newsletter category-2024-06\" role=\"listitem\">\n\t\t\t\t<a class=\"elementor-post__thumbnail__link\" href=\"https:\/\/www.rollladen-growe.de\/growe-roltex-schulungen-2\/\" tabindex=\"-1\" >\n\t\t\t<div class=\"elementor-post__thumbnail\"><img loading=\"lazy\" decoding=\"async\" width=\"2560\" height=\"1064\" src=\"https:\/\/www.rollladen-growe.de\/wp-content\/uploads\/2024\/10\/Schulungen_Thumbnail_2024-10-scaled.jpg\" class=\"attachment-full size-full wp-image-12307\" alt=\"\" srcset=\"https:\/\/www.rollladen-growe.de\/wp-content\/uploads\/2024\/10\/Schulungen_Thumbnail_2024-10-scaled.jpg 2560w, https:\/\/www.rollladen-growe.de\/wp-content\/uploads\/2024\/10\/Schulungen_Thumbnail_2024-10-300x125.jpg 300w, https:\/\/www.rollladen-growe.de\/wp-content\/uploads\/2024\/10\/Schulungen_Thumbnail_2024-10-1024x425.jpg 1024w, https:\/\/www.rollladen-growe.de\/wp-content\/uploads\/2024\/10\/Schulungen_Thumbnail_2024-10-768x319.jpg 768w, https:\/\/www.rollladen-growe.de\/wp-content\/uploads\/2024\/10\/Schulungen_Thumbnail_2024-10-1536x638.jpg 1536w, https:\/\/www.rollladen-growe.de\/wp-content\/uploads\/2024\/10\/Schulungen_Thumbnail_2024-10-2048x851.jpg 2048w\" sizes=\"(max-width: 2560px) 100vw, 2560px\" \/><\/div>\n\t\t<\/a>\n\t\t\t\t<div class=\"elementor-post__text\">\n\t\t\t\t<h3 class=\"elementor-post__title\">\n\t\t\t<a href=\"https:\/\/www.rollladen-growe.de\/growe-roltex-schulungen-2\/\" >\n\t\t\t\tGROWE\/ROLTEX Schulungen\t\t\t<\/a>\n\t\t<\/h3>\n\t\t\t\t<div class=\"elementor-post__excerpt\">\n\t\t\t<p>W\u00e4hlen Sie jetzt Ihre Schulungen f\u00fcr das Jahr 2025 und bleiben Sie stets auf dem Laufenden!<\/p>\n\t\t<\/div>\n\t\t\n\t\t<a class=\"elementor-post__read-more\" href=\"https:\/\/www.rollladen-growe.de\/growe-roltex-schulungen-2\/\" aria-label=\"Mehr \u00fcber GROWE\/ROLTEX Schulungen\" tabindex=\"-1\" >\n\t\t\tMehr Informationen\t\t<\/a>\n\n\t\t\t\t<\/div>\n\t\t\t\t<\/article>\n\t\t\t\t<article class=\"elementor-post elementor-grid-item post-12234 post type-post status-publish format-standard has-post-thumbnail hentry category-newsletter category-2024-05\" role=\"listitem\">\n\t\t\t\t<a class=\"elementor-post__thumbnail__link\" href=\"https:\/\/www.rollladen-growe.de\/growe-roltex-unterlagen-20\/\" tabindex=\"-1\" >\n\t\t\t<div class=\"elementor-post__thumbnail\"><img loading=\"lazy\" decoding=\"async\" width=\"2560\" height=\"1067\" src=\"https:\/\/www.rollladen-growe.de\/wp-content\/uploads\/2024\/08\/Insekt_Thumbnail_2024-08-1-scaled.jpg\" class=\"attachment-full size-full wp-image-12235\" alt=\"\" srcset=\"https:\/\/www.rollladen-growe.de\/wp-content\/uploads\/2024\/08\/Insekt_Thumbnail_2024-08-1-scaled.jpg 2560w, https:\/\/www.rollladen-growe.de\/wp-content\/uploads\/2024\/08\/Insekt_Thumbnail_2024-08-1-300x125.jpg 300w, https:\/\/www.rollladen-growe.de\/wp-content\/uploads\/2024\/08\/Insekt_Thumbnail_2024-08-1-1024x427.jpg 1024w, https:\/\/www.rollladen-growe.de\/wp-content\/uploads\/2024\/08\/Insekt_Thumbnail_2024-08-1-768x320.jpg 768w, https:\/\/www.rollladen-growe.de\/wp-content\/uploads\/2024\/08\/Insekt_Thumbnail_2024-08-1-1536x640.jpg 1536w, https:\/\/www.rollladen-growe.de\/wp-content\/uploads\/2024\/08\/Insekt_Thumbnail_2024-08-1-2048x853.jpg 2048w\" sizes=\"(max-width: 2560px) 100vw, 2560px\" \/><\/div>\n\t\t<\/a>\n\t\t\t\t<div class=\"elementor-post__text\">\n\t\t\t\t<h3 class=\"elementor-post__title\">\n\t\t\t<a href=\"https:\/\/www.rollladen-growe.de\/growe-roltex-unterlagen-20\/\" >\n\t\t\t\tGROWE\/ROLTEX-Unterlagen\t\t\t<\/a>\n\t\t<\/h3>\n\t\t\t\t<div class=\"elementor-post__excerpt\">\n\t\t\t<p>Wir m\u00f6chten Sie informieren, dass einige Onlineversionen der GROWE\/ROLTEX-Unterlagen aufgrund von technischen \u00c4nderungen und\/oder Neuerungen aktualisiert werden.<\/p>\n\t\t<\/div>\n\t\t\n\t\t<a class=\"elementor-post__read-more\" href=\"https:\/\/www.rollladen-growe.de\/growe-roltex-unterlagen-20\/\" aria-label=\"Mehr \u00fcber GROWE\/ROLTEX-Unterlagen\" tabindex=\"-1\" >\n\t\t\tMehr Informationen\t\t<\/a>\n\n\t\t\t\t<\/div>\n\t\t\t\t<\/article>\n\t\t\t\t<\/div>\n\t\t\n\t\t\t\t\t\t<\/div>\n\t\t\t\t<\/div>\n\t\t\t\t\t<\/div>\n\t\t<\/div>\n\t\t\t\t\t<\/div>\n\t\t<\/section>\n\t\t\t\t\t<\/div>\n\t\t<\/div>\n\t\t\t\t\t<\/div>\n\t\t<\/section>\n\t\t\t\t<\/div>\n\t\t","protected":false},"excerpt":{"rendered":"<p>News<\/p>\n","protected":false},"author":5,"featured_media":0,"parent":0,"menu_order":6,"comment_status":"closed","ping_status":"closed","template":"","meta":{"_acf_changed":false,"footnotes":""},"class_list":["post-7985","page","type-page","status-publish","hentry"],"acf":[],"_links":{"self":[{"href":"https:\/\/www.rollladen-growe.de\/api\/wp\/v2\/pages\/7985","targetHints":{"allow":["GET"]}}],"collection":[{"href":"https:\/\/www.rollladen-growe.de\/api\/wp\/v2\/pages"}],"about":[{"href":"https:\/\/www.rollladen-growe.de\/api\/wp\/v2\/types\/page"}],"author":[{"embeddable":true,"href":"https:\/\/www.rollladen-growe.de\/api\/wp\/v2\/users\/5"}],"replies":[{"embeddable":true,"href":"https:\/\/www.rollladen-growe.de\/api\/wp\/v2\/comments?post=7985"}],"version-history":[{"count":1,"href":"https:\/\/www.rollladen-growe.de\/api\/wp\/v2\/pages\/7985\/revisions"}],"predecessor-version":[{"id":7986,"href":"https:\/\/www.rollladen-growe.de\/api\/wp\/v2\/pages\/7985\/revisions\/7986"}],"wp:attachment":[{"href":"https:\/\/www.rollladen-growe.de\/api\/wp\/v2\/media?parent=7985"}],"curies":[{"name":"wp","href":"https:\/\/api.w.org\/{rel}","templated":true}]}}