{"id":1714,"date":"2022-06-16T14:39:49","date_gmt":"2022-06-16T12:39:49","guid":{"rendered":"http:\/\/growe.hosting-kitchen.de\/?page_id=1714"},"modified":"2023-01-11T10:51:04","modified_gmt":"2023-01-11T09:51:04","slug":"news","status":"publish","type":"page","link":"https:\/\/www.rollladen-growe.de\/news\/","title":{"rendered":"News"},"content":{"rendered":"\t\t<div data-elementor-type=\"wp-page\" data-elementor-id=\"1714\" class=\"elementor elementor-1714\" data-elementor-post-type=\"page\">\n\t\t\t\t\t\t<section class=\"elementor-section elementor-top-section elementor-element elementor-element-620128f elementor-section-boxed elementor-section-height-default elementor-section-height-default\" data-id=\"620128f\" data-element_type=\"section\" data-e-type=\"section\" data-settings=\"{&quot;background_background&quot;:&quot;classic&quot;}\">\n\t\t\t\t\t\t<div class=\"elementor-container elementor-column-gap-default\">\n\t\t\t\t\t<div class=\"elementor-column elementor-col-100 elementor-top-column elementor-element elementor-element-e8a07b7\" data-id=\"e8a07b7\" data-element_type=\"column\" data-e-type=\"column\">\n\t\t\t<div class=\"elementor-widget-wrap elementor-element-populated\">\n\t\t\t\t\t\t<section class=\"elementor-section elementor-inner-section elementor-element elementor-element-c4da989 elementor-section-height-min-height elementor-section-boxed elementor-section-height-default\" data-id=\"c4da989\" data-element_type=\"section\" data-e-type=\"section\">\n\t\t\t\t\t\t<div class=\"elementor-container elementor-column-gap-default\">\n\t\t\t\t\t<div class=\"elementor-column elementor-col-50 elementor-inner-column elementor-element elementor-element-763c72b\" data-id=\"763c72b\" data-element_type=\"column\" data-e-type=\"column\">\n\t\t\t<div class=\"elementor-widget-wrap elementor-element-populated\">\n\t\t\t\t\t\t<div class=\"elementor-element elementor-element-7860659 elementor-widget__width-auto elementor-view-stacked elementor-shape-circle elementor-widget elementor-widget-icon\" data-id=\"7860659\" data-element_type=\"widget\" data-e-type=\"widget\" data-widget_type=\"icon.default\">\n\t\t\t\t<div class=\"elementor-widget-container\">\n\t\t\t\t\t\t\t<div class=\"elementor-icon-wrapper\">\n\t\t\t<div class=\"elementor-icon\">\n\t\t\t<svg xmlns=\"http:\/\/www.w3.org\/2000\/svg\" id=\"Ebene_1\" viewBox=\"0 0 100 100\"><path d=\"M70.8,81.66V13.19c0-1.36-1.1-2.46-2.46-2.46H10.52c-1.36,0-2.46,1.1-2.46,2.46v63.56c0,6.77,5.51,12.29,12.29,12.29h52.92c-1.55-2.06-2.46-4.61-2.46-7.37ZM21.17,57.91h7.86c1.36,0,2.46,1.1,2.46,2.46s-1.1,2.46-2.46,2.46h-7.86c-1.36,0-2.46-1.1-2.46-2.46s1.1-2.46,2.46-2.46Zm-2.46-8.03c0-1.36,1.1-2.46,2.46-2.46h7.86c1.36,0,2.46,1.1,2.46,2.46s-1.1,2.46-2.46,2.46h-7.86c-1.36,0-2.46-1.1-2.46-2.46Zm39.15,27.36H21.17c-1.36,0-2.46-1.1-2.46-2.46s1.1-2.46,2.46-2.46H57.86c1.36,0,2.46,1.1,2.46,2.46s-1.1,2.46-2.46,2.46Zm2.46-12.94c0,1.36-1.1,2.46-2.46,2.46h-18.35c-1.36,0-2.46-1.1-2.46-2.46v-18.35c0-1.36,1.1-2.46,2.46-2.46h18.35c1.36,0,2.46,1.1,2.46,2.46v18.35Zm-2.46-26.37H21.17c-1.36,0-2.46-1.1-2.46-2.46s1.1-2.46,2.46-2.46H57.86c1.36,0,2.46,1.1,2.46,2.46s-1.1,2.46-2.46,2.46Zm0-10.48H21.17c-1.36,0-2.46-1.1-2.46-2.46s1.1-2.46,2.46-2.46H57.86c1.36,0,2.46,1.1,2.46,2.46s-1.1,2.46-2.46,2.46Z\"><\/path><path d=\"M41.97,48.41h13.43v13.43h-13.43v-13.43Z\"><\/path><path d=\"M89.48,27.77h-13.76c0,55.68,0,53.9,.01,53.9,.21,3.43,2.56,6.28,5.72,7.25,5.07,1.55,10.26-2.12,10.47-7.43,.01,0,0,1.23,0-51.26,0-1.36-1.1-2.46-2.46-2.46h0Z\"><\/path><\/svg>\t\t\t<\/div>\n\t\t<\/div>\n\t\t\t\t\t\t<\/div>\n\t\t\t\t<\/div>\n\t\t\t\t<div class=\"elementor-element elementor-element-ac47494 elementor-widget__width-auto elementor-widget elementor-widget-heading\" data-id=\"ac47494\" data-element_type=\"widget\" data-e-type=\"widget\" data-widget_type=\"heading.default\">\n\t\t\t\t<div class=\"elementor-widget-container\">\n\t\t\t\t\t<h1 class=\"elementor-heading-title elementor-size-default\">News<\/h1>\t\t\t\t<\/div>\n\t\t\t\t<\/div>\n\t\t\t\t\t<\/div>\n\t\t<\/div>\n\t\t\t\t<div class=\"elementor-column elementor-col-50 elementor-inner-column elementor-element elementor-element-c6945a2 elementor-hidden-tablet elementor-hidden-mobile\" data-id=\"c6945a2\" data-element_type=\"column\" data-e-type=\"column\">\n\t\t\t<div class=\"elementor-widget-wrap\">\n\t\t\t\t\t\t\t<\/div>\n\t\t<\/div>\n\t\t\t\t\t<\/div>\n\t\t<\/section>\n\t\t\t\t\t<\/div>\n\t\t<\/div>\n\t\t\t\t\t<\/div>\n\t\t<\/section>\n\t\t\t\t<section class=\"elementor-section elementor-top-section elementor-element elementor-element-f475bd0 elementor-section-boxed elementor-section-height-default elementor-section-height-default\" data-id=\"f475bd0\" data-element_type=\"section\" data-e-type=\"section\">\n\t\t\t\t\t\t<div class=\"elementor-container elementor-column-gap-default\">\n\t\t\t\t\t<div class=\"elementor-column elementor-col-100 elementor-top-column elementor-element elementor-element-893d635\" data-id=\"893d635\" data-element_type=\"column\" data-e-type=\"column\">\n\t\t\t<div class=\"elementor-widget-wrap elementor-element-populated\">\n\t\t\t\t\t\t<section class=\"elementor-section elementor-inner-section elementor-element elementor-element-55cb9a5 elementor-section-boxed elementor-section-height-default elementor-section-height-default\" data-id=\"55cb9a5\" data-element_type=\"section\" data-e-type=\"section\">\n\t\t\t\t\t\t<div class=\"elementor-container elementor-column-gap-default\">\n\t\t\t\t\t<div class=\"elementor-column elementor-col-100 elementor-inner-column elementor-element elementor-element-f05ce85\" data-id=\"f05ce85\" data-element_type=\"column\" data-e-type=\"column\">\n\t\t\t<div class=\"elementor-widget-wrap elementor-element-populated\">\n\t\t\t\t\t\t<div class=\"elementor-element elementor-element-245d35e elementor-grid-2 elementor-grid-tablet-2 elementor-grid-mobile-1 elementor-posts--thumbnail-top elementor-widget elementor-widget-posts\" data-id=\"245d35e\" data-element_type=\"widget\" data-e-type=\"widget\" data-settings=\"{&quot;classic_columns&quot;:&quot;2&quot;,&quot;classic_columns_tablet&quot;:&quot;2&quot;,&quot;classic_columns_mobile&quot;:&quot;1&quot;,&quot;classic_row_gap&quot;:{&quot;unit&quot;:&quot;px&quot;,&quot;size&quot;:35,&quot;sizes&quot;:[]},&quot;classic_row_gap_tablet&quot;:{&quot;unit&quot;:&quot;px&quot;,&quot;size&quot;:&quot;&quot;,&quot;sizes&quot;:[]},&quot;classic_row_gap_mobile&quot;:{&quot;unit&quot;:&quot;px&quot;,&quot;size&quot;:&quot;&quot;,&quot;sizes&quot;:[]}}\" data-widget_type=\"posts.classic\">\n\t\t\t\t<div class=\"elementor-widget-container\">\n\t\t\t\t\t\t\t<div class=\"elementor-posts-container elementor-posts elementor-posts--skin-classic elementor-grid\" role=\"list\">\n\t\t\t\t<article class=\"elementor-post elementor-grid-item post-13780 post type-post status-publish format-standard has-post-thumbnail hentry category-allgemein\" role=\"listitem\">\n\t\t\t\t<a class=\"elementor-post__thumbnail__link\" href=\"https:\/\/www.rollladen-growe.de\/nachbericht-fensterbau-frontale-2026\/\" tabindex=\"-1\" >\n\t\t\t<div class=\"elementor-post__thumbnail\"><img fetchpriority=\"high\" decoding=\"async\" width=\"659\" height=\"282\" src=\"https:\/\/www.rollladen-growe.de\/wp-content\/uploads\/2026\/04\/Messe_Thumbnail.jpg\" class=\"attachment-full size-full wp-image-13797\" alt=\"\" srcset=\"https:\/\/www.rollladen-growe.de\/wp-content\/uploads\/2026\/04\/Messe_Thumbnail.jpg 659w, https:\/\/www.rollladen-growe.de\/wp-content\/uploads\/2026\/04\/Messe_Thumbnail-300x128.jpg 300w\" sizes=\"(max-width: 659px) 100vw, 659px\" \/><\/div>\n\t\t<\/a>\n\t\t\t\t<div class=\"elementor-post__text\">\n\t\t\t\t<h3 class=\"elementor-post__title\">\n\t\t\t<a href=\"https:\/\/www.rollladen-growe.de\/nachbericht-fensterbau-frontale-2026\/\" >\n\t\t\t\tNachbericht Fensterbau Frontale 2026\t\t\t<\/a>\n\t\t<\/h3>\n\t\t\t\t<div class=\"elementor-post__excerpt\">\n\t\t\t<p>Auf der Fensterbau Frontale 2026 in Nu\u0308rnberg hat GROWE\/ROLTEX ihr Produktportfolio konsequent entlang der Anforderungen aus Planung, Fertigung und Montage pr\u00e4sentiert. Der als Marktplatz gestaltete Messestand bot Raum fu\u0308r detaillierte Fachgespr\u00e4che zu Systemaufbauten, Schnittstellen und technischen Weiterentwicklungen.<\/p>\n\t\t<\/div>\n\t\t\n\t\t<a class=\"elementor-post__read-more\" href=\"https:\/\/www.rollladen-growe.de\/nachbericht-fensterbau-frontale-2026\/\" aria-label=\"Mehr \u00fcber Nachbericht Fensterbau Frontale 2026\" tabindex=\"-1\" >\n\t\t\tMehr Informationen\t\t<\/a>\n\n\t\t\t\t<\/div>\n\t\t\t\t<\/article>\n\t\t\t\t<article class=\"elementor-post elementor-grid-item post-12621 post type-post status-publish format-standard has-post-thumbnail hentry category-allgemein\" role=\"listitem\">\n\t\t\t\t<a class=\"elementor-post__thumbnail__link\" href=\"https:\/\/www.rollladen-growe.de\/30-jahre-b-growe-gmbh\/\" tabindex=\"-1\" >\n\t\t\t<div class=\"elementor-post__thumbnail\"><img decoding=\"async\" width=\"659\" height=\"282\" src=\"https:\/\/www.rollladen-growe.de\/wp-content\/uploads\/2025\/01\/Thumbnail_30-jahre-wittstock.webp\" class=\"attachment-full size-full wp-image-12622\" alt=\"\" srcset=\"https:\/\/www.rollladen-growe.de\/wp-content\/uploads\/2025\/01\/Thumbnail_30-jahre-wittstock.webp 659w, https:\/\/www.rollladen-growe.de\/wp-content\/uploads\/2025\/01\/Thumbnail_30-jahre-wittstock-300x128.webp 300w\" sizes=\"(max-width: 659px) 100vw, 659px\" \/><\/div>\n\t\t<\/a>\n\t\t\t\t<div class=\"elementor-post__text\">\n\t\t\t\t<h3 class=\"elementor-post__title\">\n\t\t\t<a href=\"https:\/\/www.rollladen-growe.de\/30-jahre-b-growe-gmbh\/\" >\n\t\t\t\t30 Jahre B. Growe GmbH\t\t\t<\/a>\n\t\t<\/h3>\n\t\t\t\t<div class=\"elementor-post__excerpt\">\n\t\t\t<p>Seit drei Jahrzehnten produzieren wir in Wittstock hochwertige Rolll\u00e4den und Sonnenschutzsysteme. Mit Stolz blicken wir auf unsere Geschichte und die gelungene Jubil\u00e4umsfeier zur\u00fcck \u2013 und freuen uns auf viele weitere gemeinsame Jahre!<\/p>\n\t\t<\/div>\n\t\t\n\t\t<a class=\"elementor-post__read-more\" href=\"https:\/\/www.rollladen-growe.de\/30-jahre-b-growe-gmbh\/\" aria-label=\"Mehr \u00fcber 30 Jahre B. Growe GmbH\" tabindex=\"-1\" >\n\t\t\tMehr Informationen\t\t<\/a>\n\n\t\t\t\t<\/div>\n\t\t\t\t<\/article>\n\t\t\t\t<article class=\"elementor-post elementor-grid-item post-12604 post type-post status-publish format-standard has-post-thumbnail hentry category-allgemein\" role=\"listitem\">\n\t\t\t\t<a class=\"elementor-post__thumbnail__link\" href=\"https:\/\/www.rollladen-growe.de\/rueckblick-fensterbau-frontale-2024\/\" tabindex=\"-1\" >\n\t\t\t<div class=\"elementor-post__thumbnail\"><img decoding=\"async\" width=\"659\" height=\"282\" src=\"https:\/\/www.rollladen-growe.de\/wp-content\/uploads\/2025\/01\/Thumbnail_fensterbau-frontale.webp\" class=\"attachment-full size-full wp-image-12605\" alt=\"\" srcset=\"https:\/\/www.rollladen-growe.de\/wp-content\/uploads\/2025\/01\/Thumbnail_fensterbau-frontale.webp 659w, https:\/\/www.rollladen-growe.de\/wp-content\/uploads\/2025\/01\/Thumbnail_fensterbau-frontale-300x128.webp 300w\" sizes=\"(max-width: 659px) 100vw, 659px\" \/><\/div>\n\t\t<\/a>\n\t\t\t\t<div class=\"elementor-post__text\">\n\t\t\t\t<h3 class=\"elementor-post__title\">\n\t\t\t<a href=\"https:\/\/www.rollladen-growe.de\/rueckblick-fensterbau-frontale-2024\/\" >\n\t\t\t\tR\u00fcckblick FENSTERBAU FRONTALE 2024\t\t\t<\/a>\n\t\t<\/h3>\n\t\t\t\t<div class=\"elementor-post__excerpt\">\n\t\t\t<p>Wir blicken auf eine erfolgreiche Messe in N\u00fcrnberg zur\u00fcck! Auf der FENSTERBAU FRONTALE 2024 konnten wir unsere neuesten Innovationen im Bereich Fenster- und Fassadenbau pr\u00e4sentieren und uns mit vielen Kunden und Partnern austauschen.<\/p>\n\t\t<\/div>\n\t\t\n\t\t<a class=\"elementor-post__read-more\" href=\"https:\/\/www.rollladen-growe.de\/rueckblick-fensterbau-frontale-2024\/\" aria-label=\"Mehr \u00fcber R\u00fcckblick FENSTERBAU FRONTALE 2024\" tabindex=\"-1\" >\n\t\t\tMehr Informationen\t\t<\/a>\n\n\t\t\t\t<\/div>\n\t\t\t\t<\/article>\n\t\t\t\t<article class=\"elementor-post elementor-grid-item post-3778 post type-post status-publish format-standard has-post-thumbnail hentry category-allgemein\" role=\"listitem\">\n\t\t\t\t<a class=\"elementor-post__thumbnail__link\" href=\"https:\/\/www.rollladen-growe.de\/pakto-von-profis-fuer-profis\/\" tabindex=\"-1\" >\n\t\t\t<div class=\"elementor-post__thumbnail\"><img loading=\"lazy\" decoding=\"async\" width=\"1193\" height=\"441\" src=\"https:\/\/www.rollladen-growe.de\/wp-content\/uploads\/2022\/08\/Pakto_Newsbereich_gross.jpeg\" class=\"attachment-full size-full wp-image-3865\" alt=\"\" srcset=\"https:\/\/www.rollladen-growe.de\/wp-content\/uploads\/2022\/08\/Pakto_Newsbereich_gross.jpeg 1193w, https:\/\/www.rollladen-growe.de\/wp-content\/uploads\/2022\/08\/Pakto_Newsbereich_gross-300x111.jpeg 300w, https:\/\/www.rollladen-growe.de\/wp-content\/uploads\/2022\/08\/Pakto_Newsbereich_gross-1024x379.jpeg 1024w, https:\/\/www.rollladen-growe.de\/wp-content\/uploads\/2022\/08\/Pakto_Newsbereich_gross-768x284.jpeg 768w\" sizes=\"(max-width: 1193px) 100vw, 1193px\" \/><\/div>\n\t\t<\/a>\n\t\t\t\t<div class=\"elementor-post__text\">\n\t\t\t\t<h3 class=\"elementor-post__title\">\n\t\t\t<a href=\"https:\/\/www.rollladen-growe.de\/pakto-von-profis-fuer-profis\/\" >\n\t\t\t\tPAKTO<sup>\u00ae<\/sup> \u2013 Von Profis, f\u00fcr Profis\t\t\t<\/a>\n\t\t<\/h3>\n\t\t\t\t<div class=\"elementor-post__excerpt\">\n\t\t\t<p>Lernen Sie unser neuestes Produkt-Highlight kennen: PAKTO<sup>\u00ae<\/sup> \u2013 ein optimal abgestimmtes Neubau- und Aufsatzkastensystem. Dieses smarte Konzept aus dem Hause GROWE\/ROLTEX wird Sie \u00fcberzeugen!<\/p>\n\t\t<\/div>\n\t\t\n\t\t<a class=\"elementor-post__read-more\" href=\"https:\/\/www.rollladen-growe.de\/pakto-von-profis-fuer-profis\/\" aria-label=\"Mehr \u00fcber PAKTO&lt;sup&gt;\u00ae&lt;\/sup&gt; \u2013 Von Profis, f\u00fcr Profis\" tabindex=\"-1\" >\n\t\t\tMehr Informationen\t\t<\/a>\n\n\t\t\t\t<\/div>\n\t\t\t\t<\/article>\n\t\t\t\t<article class=\"elementor-post elementor-grid-item post-3808 post type-post status-publish format-standard has-post-thumbnail hentry category-allgemein\" role=\"listitem\">\n\t\t\t\t<a class=\"elementor-post__thumbnail__link\" href=\"https:\/\/www.rollladen-growe.de\/weltmeisterlicher-sommer\/\" tabindex=\"-1\" >\n\t\t\t<div class=\"elementor-post__thumbnail\"><img loading=\"lazy\" decoding=\"async\" width=\"1198\" height=\"445\" src=\"https:\/\/www.rollladen-growe.de\/wp-content\/uploads\/2022\/08\/Sun_Tex_Newsbereich.jpeg\" class=\"attachment-full size-full wp-image-3867\" alt=\"\" srcset=\"https:\/\/www.rollladen-growe.de\/wp-content\/uploads\/2022\/08\/Sun_Tex_Newsbereich.jpeg 1198w, https:\/\/www.rollladen-growe.de\/wp-content\/uploads\/2022\/08\/Sun_Tex_Newsbereich-300x111.jpeg 300w, https:\/\/www.rollladen-growe.de\/wp-content\/uploads\/2022\/08\/Sun_Tex_Newsbereich-1024x380.jpeg 1024w, https:\/\/www.rollladen-growe.de\/wp-content\/uploads\/2022\/08\/Sun_Tex_Newsbereich-768x285.jpeg 768w\" sizes=\"(max-width: 1198px) 100vw, 1198px\" \/><\/div>\n\t\t<\/a>\n\t\t\t\t<div class=\"elementor-post__text\">\n\t\t\t\t<h3 class=\"elementor-post__title\">\n\t\t\t<a href=\"https:\/\/www.rollladen-growe.de\/weltmeisterlicher-sommer\/\" >\n\t\t\t\tWeltmeisterlicher Sommer\t\t\t<\/a>\n\t\t<\/h3>\n\t\t\t\t<div class=\"elementor-post__excerpt\">\n\t\t\t<p>Optimaler Sonnen-, Hitze- und Blendschutz \u2013 mit unseren SUN-TEX-T\u00fcchern k\u00f6nnen Sie den Sommer in vollen Z\u00fcgen genie\u00dfen. \u00dcberzeugen Sie sich selbst!<\/p>\n\t\t<\/div>\n\t\t\n\t\t<a class=\"elementor-post__read-more\" href=\"https:\/\/www.rollladen-growe.de\/weltmeisterlicher-sommer\/\" aria-label=\"Mehr \u00fcber Weltmeisterlicher Sommer\" tabindex=\"-1\" >\n\t\t\tMehr Informationen\t\t<\/a>\n\n\t\t\t\t<\/div>\n\t\t\t\t<\/article>\n\t\t\t\t<article class=\"elementor-post elementor-grid-item post-3839 post type-post status-publish format-standard has-post-thumbnail hentry category-allgemein\" role=\"listitem\">\n\t\t\t\t<a class=\"elementor-post__thumbnail__link\" href=\"https:\/\/www.rollladen-growe.de\/insektenschutz-nach-mass\/\" tabindex=\"-1\" >\n\t\t\t<div class=\"elementor-post__thumbnail\"><img loading=\"lazy\" decoding=\"async\" width=\"1200\" height=\"510\" src=\"https:\/\/www.rollladen-growe.de\/wp-content\/uploads\/2022\/08\/csm_news_2018_Insektenschutz_d30b4d70c5.jpeg\" class=\"attachment-full size-full wp-image-3858\" alt=\"\" srcset=\"https:\/\/www.rollladen-growe.de\/wp-content\/uploads\/2022\/08\/csm_news_2018_Insektenschutz_d30b4d70c5.jpeg 1200w, https:\/\/www.rollladen-growe.de\/wp-content\/uploads\/2022\/08\/csm_news_2018_Insektenschutz_d30b4d70c5-300x128.jpeg 300w, https:\/\/www.rollladen-growe.de\/wp-content\/uploads\/2022\/08\/csm_news_2018_Insektenschutz_d30b4d70c5-1024x435.jpeg 1024w, https:\/\/www.rollladen-growe.de\/wp-content\/uploads\/2022\/08\/csm_news_2018_Insektenschutz_d30b4d70c5-768x326.jpeg 768w\" sizes=\"(max-width: 1200px) 100vw, 1200px\" \/><\/div>\n\t\t<\/a>\n\t\t\t\t<div class=\"elementor-post__text\">\n\t\t\t\t<h3 class=\"elementor-post__title\">\n\t\t\t<a href=\"https:\/\/www.rollladen-growe.de\/insektenschutz-nach-mass\/\" >\n\t\t\t\tInsektenschutz nach Ma\u00df\t\t\t<\/a>\n\t\t<\/h3>\n\t\t\t\t<div class=\"elementor-post__excerpt\">\n\t\t\t<p>Lassen Sie die Sonne rein \u2013 Insekten und Pollen m\u00fcssen drau\u00dfen bleiben dank Insektenschutz nach Ma\u00df.<\/p>\n\t\t<\/div>\n\t\t\n\t\t<a class=\"elementor-post__read-more\" href=\"https:\/\/www.rollladen-growe.de\/insektenschutz-nach-mass\/\" aria-label=\"Mehr \u00fcber Insektenschutz nach Ma\u00df\" tabindex=\"-1\" >\n\t\t\tMehr Informationen\t\t<\/a>\n\n\t\t\t\t<\/div>\n\t\t\t\t<\/article>\n\t\t\t\t<article class=\"elementor-post elementor-grid-item post-3845 post type-post status-publish format-standard has-post-thumbnail hentry category-allgemein\" role=\"listitem\">\n\t\t\t\t<a class=\"elementor-post__thumbnail__link\" href=\"https:\/\/www.rollladen-growe.de\/rueckblick-fensterbau-frontale-2018\/\" tabindex=\"-1\" >\n\t\t\t<div class=\"elementor-post__thumbnail\"><img loading=\"lazy\" decoding=\"async\" width=\"800\" height=\"492\" src=\"https:\/\/www.rollladen-growe.de\/wp-content\/uploads\/2022\/08\/csm_IMG_2636_4c634f3959.jpeg\" class=\"attachment-full size-full wp-image-3856\" alt=\"\" srcset=\"https:\/\/www.rollladen-growe.de\/wp-content\/uploads\/2022\/08\/csm_IMG_2636_4c634f3959.jpeg 800w, https:\/\/www.rollladen-growe.de\/wp-content\/uploads\/2022\/08\/csm_IMG_2636_4c634f3959-300x185.jpeg 300w, https:\/\/www.rollladen-growe.de\/wp-content\/uploads\/2022\/08\/csm_IMG_2636_4c634f3959-768x472.jpeg 768w\" sizes=\"(max-width: 800px) 100vw, 800px\" \/><\/div>\n\t\t<\/a>\n\t\t\t\t<div class=\"elementor-post__text\">\n\t\t\t\t<h3 class=\"elementor-post__title\">\n\t\t\t<a href=\"https:\/\/www.rollladen-growe.de\/rueckblick-fensterbau-frontale-2018\/\" >\n\t\t\t\tR\u00fcckblick Fensterbau Frontale 2018\t\t\t<\/a>\n\t\t<\/h3>\n\t\t\t\t<div class=\"elementor-post__excerpt\">\n\t\t\t<p>Gemeinsam mit rund 1.329 Ausstellern aus 42 L\u00e4ndern pr\u00e4sentierten wir uns in N\u00fcrnberg auf der Fachmesse f\u00fcr Fenster, T\u00fcren und Fassaden, der FENSTERBAU FRONTALE im Verbund mit der HOLZ-HANDWERK.<\/p>\n\t\t<\/div>\n\t\t\n\t\t<a class=\"elementor-post__read-more\" href=\"https:\/\/www.rollladen-growe.de\/rueckblick-fensterbau-frontale-2018\/\" aria-label=\"Mehr \u00fcber R\u00fcckblick Fensterbau Frontale 2018\" tabindex=\"-1\" >\n\t\t\tMehr Informationen\t\t<\/a>\n\n\t\t\t\t<\/div>\n\t\t\t\t<\/article>\n\t\t\t\t<article class=\"elementor-post elementor-grid-item post-3890 post type-post status-publish format-standard has-post-thumbnail hentry category-allgemein\" role=\"listitem\">\n\t\t\t\t<a class=\"elementor-post__thumbnail__link\" href=\"https:\/\/www.rollladen-growe.de\/fensterbau-frontale-2018\/\" tabindex=\"-1\" >\n\t\t\t<div class=\"elementor-post__thumbnail\"><img loading=\"lazy\" decoding=\"async\" width=\"1200\" height=\"514\" src=\"https:\/\/www.rollladen-growe.de\/wp-content\/uploads\/2022\/08\/csm_news_2018_fensterbaufrontale_69795be488.jpeg\" class=\"attachment-full size-full wp-image-3857\" alt=\"\" srcset=\"https:\/\/www.rollladen-growe.de\/wp-content\/uploads\/2022\/08\/csm_news_2018_fensterbaufrontale_69795be488.jpeg 1200w, https:\/\/www.rollladen-growe.de\/wp-content\/uploads\/2022\/08\/csm_news_2018_fensterbaufrontale_69795be488-300x129.jpeg 300w, https:\/\/www.rollladen-growe.de\/wp-content\/uploads\/2022\/08\/csm_news_2018_fensterbaufrontale_69795be488-1024x439.jpeg 1024w, https:\/\/www.rollladen-growe.de\/wp-content\/uploads\/2022\/08\/csm_news_2018_fensterbaufrontale_69795be488-768x329.jpeg 768w\" sizes=\"(max-width: 1200px) 100vw, 1200px\" \/><\/div>\n\t\t<\/a>\n\t\t\t\t<div class=\"elementor-post__text\">\n\t\t\t\t<h3 class=\"elementor-post__title\">\n\t\t\t<a href=\"https:\/\/www.rollladen-growe.de\/fensterbau-frontale-2018\/\" >\n\t\t\t\tFensterbau Frontale 2018\t\t\t<\/a>\n\t\t<\/h3>\n\t\t\t\t<div class=\"elementor-post__excerpt\">\n\t\t\t<p>Endlich ist es wieder so weit: Vom 21. bis 24. M\u00e4rz 2018 \u00f6ffnet die FENSTERBAU FRONTALE in N\u00fcrnberg ihre Tore und wir sind wieder mit dabei. Besuchen Sie uns!<\/p>\n\t\t<\/div>\n\t\t\n\t\t<a class=\"elementor-post__read-more\" href=\"https:\/\/www.rollladen-growe.de\/fensterbau-frontale-2018\/\" aria-label=\"Mehr \u00fcber Fensterbau Frontale 2018\" tabindex=\"-1\" >\n\t\t\tMehr Informationen\t\t<\/a>\n\n\t\t\t\t<\/div>\n\t\t\t\t<\/article>\n\t\t\t\t<article class=\"elementor-post elementor-grid-item post-3895 post type-post status-publish format-standard has-post-thumbnail hentry category-allgemein\" role=\"listitem\">\n\t\t\t\t<a class=\"elementor-post__thumbnail__link\" href=\"https:\/\/www.rollladen-growe.de\/neu-im-sortiment\/\" tabindex=\"-1\" >\n\t\t\t<div class=\"elementor-post__thumbnail\"><img loading=\"lazy\" decoding=\"async\" width=\"1200\" height=\"445\" src=\"https:\/\/www.rollladen-growe.de\/wp-content\/uploads\/2022\/08\/csm_news_sun-tex_af501e9eef.jpeg\" class=\"attachment-full size-full wp-image-3859\" alt=\"\" srcset=\"https:\/\/www.rollladen-growe.de\/wp-content\/uploads\/2022\/08\/csm_news_sun-tex_af501e9eef.jpeg 1200w, https:\/\/www.rollladen-growe.de\/wp-content\/uploads\/2022\/08\/csm_news_sun-tex_af501e9eef-300x111.jpeg 300w, https:\/\/www.rollladen-growe.de\/wp-content\/uploads\/2022\/08\/csm_news_sun-tex_af501e9eef-1024x380.jpeg 1024w, https:\/\/www.rollladen-growe.de\/wp-content\/uploads\/2022\/08\/csm_news_sun-tex_af501e9eef-768x285.jpeg 768w\" sizes=\"(max-width: 1200px) 100vw, 1200px\" \/><\/div>\n\t\t<\/a>\n\t\t\t\t<div class=\"elementor-post__text\">\n\t\t\t\t<h3 class=\"elementor-post__title\">\n\t\t\t<a href=\"https:\/\/www.rollladen-growe.de\/neu-im-sortiment\/\" >\n\t\t\t\tNEU im Sortiment\t\t\t<\/a>\n\t\t<\/h3>\n\t\t\t\t<div class=\"elementor-post__excerpt\">\n\t\t\t<p>Lernen Sie SUN-TEX unser neuestes Produkthighlight kennen. Die modernen Sonnenschutzt\u00fccher bieten weit mehr als reinen Hitze- und Blendschutz. Die verschiedenen Transparenzen und Farben machen den &#8230;<\/p>\n\t\t<\/div>\n\t\t\n\t\t<a class=\"elementor-post__read-more\" href=\"https:\/\/www.rollladen-growe.de\/neu-im-sortiment\/\" aria-label=\"Mehr \u00fcber NEU im Sortiment\" tabindex=\"-1\" >\n\t\t\tMehr Informationen\t\t<\/a>\n\n\t\t\t\t<\/div>\n\t\t\t\t<\/article>\n\t\t\t\t<article class=\"elementor-post elementor-grid-item post-3906 post type-post status-publish format-standard has-post-thumbnail hentry category-allgemein\" role=\"listitem\">\n\t\t\t\t<a class=\"elementor-post__thumbnail__link\" href=\"https:\/\/www.rollladen-growe.de\/fruehlingsanfang\/\" tabindex=\"-1\" >\n\t\t\t<div class=\"elementor-post__thumbnail\"><img loading=\"lazy\" decoding=\"async\" width=\"659\" height=\"282\" src=\"https:\/\/www.rollladen-growe.de\/wp-content\/uploads\/2022\/08\/csm_rgb_150_Drehrahmen_Neher_73402d9584.jpeg\" class=\"attachment-full size-full wp-image-3907\" alt=\"\" srcset=\"https:\/\/www.rollladen-growe.de\/wp-content\/uploads\/2022\/08\/csm_rgb_150_Drehrahmen_Neher_73402d9584.jpeg 659w, https:\/\/www.rollladen-growe.de\/wp-content\/uploads\/2022\/08\/csm_rgb_150_Drehrahmen_Neher_73402d9584-300x128.jpeg 300w\" sizes=\"(max-width: 659px) 100vw, 659px\" \/><\/div>\n\t\t<\/a>\n\t\t\t\t<div class=\"elementor-post__text\">\n\t\t\t\t<h3 class=\"elementor-post__title\">\n\t\t\t<a href=\"https:\/\/www.rollladen-growe.de\/fruehlingsanfang\/\" >\n\t\t\t\tFr\u00fchlingsanfang\t\t\t<\/a>\n\t\t<\/h3>\n\t\t\t\t<div class=\"elementor-post__excerpt\">\n\t\t\t<p>Am 20. M\u00e4rz war kalendarischer Fr\u00fchlingsanfang und damit Startschuss f\u00fcr M\u00fccken und Bl\u00fctenpollen. Sch\u00fctzen Sie Ihre Kunden effektiv mit dem Insekten- und Pollenschutz von GROWE\/ROLTEX.<\/p>\n\t\t<\/div>\n\t\t\n\t\t<a class=\"elementor-post__read-more\" href=\"https:\/\/www.rollladen-growe.de\/fruehlingsanfang\/\" aria-label=\"Mehr \u00fcber Fr\u00fchlingsanfang\" tabindex=\"-1\" >\n\t\t\tMehr Informationen\t\t<\/a>\n\n\t\t\t\t<\/div>\n\t\t\t\t<\/article>\n\t\t\t\t<article class=\"elementor-post elementor-grid-item post-3917 post type-post status-publish format-standard has-post-thumbnail hentry category-allgemein\" role=\"listitem\">\n\t\t\t\t<a class=\"elementor-post__thumbnail__link\" href=\"https:\/\/www.rollladen-growe.de\/hallenerweiterung\/\" tabindex=\"-1\" >\n\t\t\t<div class=\"elementor-post__thumbnail\"><img loading=\"lazy\" decoding=\"async\" width=\"593\" height=\"445\" src=\"https:\/\/www.rollladen-growe.de\/wp-content\/uploads\/2022\/08\/csm_Website_News_neue_Halle-3_1431cddf1a.jpeg\" class=\"attachment-full size-full wp-image-3918\" alt=\"\" srcset=\"https:\/\/www.rollladen-growe.de\/wp-content\/uploads\/2022\/08\/csm_Website_News_neue_Halle-3_1431cddf1a.jpeg 593w, https:\/\/www.rollladen-growe.de\/wp-content\/uploads\/2022\/08\/csm_Website_News_neue_Halle-3_1431cddf1a-300x225.jpeg 300w\" sizes=\"(max-width: 593px) 100vw, 593px\" \/><\/div>\n\t\t<\/a>\n\t\t\t\t<div class=\"elementor-post__text\">\n\t\t\t\t<h3 class=\"elementor-post__title\">\n\t\t\t<a href=\"https:\/\/www.rollladen-growe.de\/hallenerweiterung\/\" >\n\t\t\t\tHallenerweiterung\t\t\t<\/a>\n\t\t<\/h3>\n\t\t\t\t<div class=\"elementor-post__excerpt\">\n\t\t\t<p>Wir st\u00e4rken unseren Standort Wittstock: Um in Zukunft noch effizienter arbeiten zu k\u00f6nnen, errichtete GROWE Wittstock auf seinem Betriebsgel\u00e4nde eine neue Lagerhalle.<\/p>\n\t\t<\/div>\n\t\t\n\t\t<a class=\"elementor-post__read-more\" href=\"https:\/\/www.rollladen-growe.de\/hallenerweiterung\/\" aria-label=\"Mehr \u00fcber Hallenerweiterung\" tabindex=\"-1\" >\n\t\t\tMehr Informationen\t\t<\/a>\n\n\t\t\t\t<\/div>\n\t\t\t\t<\/article>\n\t\t\t\t<article class=\"elementor-post elementor-grid-item post-3929 post type-post status-publish format-standard has-post-thumbnail hentry category-allgemein\" role=\"listitem\">\n\t\t\t\t<a class=\"elementor-post__thumbnail__link\" href=\"https:\/\/www.rollladen-growe.de\/alles-auf-einen-klick\/\" tabindex=\"-1\" >\n\t\t\t<div class=\"elementor-post__thumbnail\"><img loading=\"lazy\" decoding=\"async\" width=\"2339\" height=\"1843\" src=\"https:\/\/www.rollladen-growe.de\/wp-content\/uploads\/2022\/06\/iPhone6__6.jpg\" class=\"attachment-full size-full wp-image-193\" alt=\"\" srcset=\"https:\/\/www.rollladen-growe.de\/wp-content\/uploads\/2022\/06\/iPhone6__6.jpg 2339w, https:\/\/www.rollladen-growe.de\/wp-content\/uploads\/2022\/06\/iPhone6__6-300x236.jpg 300w, https:\/\/www.rollladen-growe.de\/wp-content\/uploads\/2022\/06\/iPhone6__6-1024x807.jpg 1024w, https:\/\/www.rollladen-growe.de\/wp-content\/uploads\/2022\/06\/iPhone6__6-768x605.jpg 768w, https:\/\/www.rollladen-growe.de\/wp-content\/uploads\/2022\/06\/iPhone6__6-1536x1210.jpg 1536w, https:\/\/www.rollladen-growe.de\/wp-content\/uploads\/2022\/06\/iPhone6__6-2048x1614.jpg 2048w\" sizes=\"(max-width: 2339px) 100vw, 2339px\" \/><\/div>\n\t\t<\/a>\n\t\t\t\t<div class=\"elementor-post__text\">\n\t\t\t\t<h3 class=\"elementor-post__title\">\n\t\t\t<a href=\"https:\/\/www.rollladen-growe.de\/alles-auf-einen-klick\/\" >\n\t\t\t\tAlles auf einen Klick!\t\t\t<\/a>\n\t\t<\/h3>\n\t\t\t\t<div class=\"elementor-post__excerpt\">\n\t\t\t<p>Die GROWE-GRUPPE hat f\u00fcr alle Fachh\u00e4ndler eine eigene kostenlose App entwickelt. Sie kann im Google Play Store f\u00fcr Android oder im App Store f\u00fcr iOS heruntergeladen werden.<\/p>\n\t\t<\/div>\n\t\t\n\t\t<a class=\"elementor-post__read-more\" href=\"https:\/\/www.rollladen-growe.de\/alles-auf-einen-klick\/\" aria-label=\"Mehr \u00fcber Alles auf einen Klick!\" tabindex=\"-1\" >\n\t\t\tMehr Informationen\t\t<\/a>\n\n\t\t\t\t<\/div>\n\t\t\t\t<\/article>\n\t\t\t\t<article class=\"elementor-post elementor-grid-item post-3937 post type-post status-publish format-standard has-post-thumbnail hentry category-allgemein\" role=\"listitem\">\n\t\t\t\t<a class=\"elementor-post__thumbnail__link\" href=\"https:\/\/www.rollladen-growe.de\/25-jahre-roltex\/\" tabindex=\"-1\" >\n\t\t\t<div class=\"elementor-post__thumbnail\"><img loading=\"lazy\" decoding=\"async\" width=\"659\" height=\"282\" src=\"https:\/\/www.rollladen-growe.de\/wp-content\/uploads\/2022\/08\/csm_image002_db9c826549.jpeg\" class=\"attachment-full size-full wp-image-3938\" alt=\"\" srcset=\"https:\/\/www.rollladen-growe.de\/wp-content\/uploads\/2022\/08\/csm_image002_db9c826549.jpeg 659w, https:\/\/www.rollladen-growe.de\/wp-content\/uploads\/2022\/08\/csm_image002_db9c826549-300x128.jpeg 300w\" sizes=\"(max-width: 659px) 100vw, 659px\" \/><\/div>\n\t\t<\/a>\n\t\t\t\t<div class=\"elementor-post__text\">\n\t\t\t\t<h3 class=\"elementor-post__title\">\n\t\t\t<a href=\"https:\/\/www.rollladen-growe.de\/25-jahre-roltex\/\" >\n\t\t\t\t25 Jahre ROLTEX\t\t\t<\/a>\n\t\t<\/h3>\n\t\t\t\t<div class=\"elementor-post__excerpt\">\n\t\t\t<p>In diesem Jahr hat die GROWE-GRUPPE Anlass zum Feiern, denn ROLTEX wird ein Vierteljahrhundert alt.<\/p>\n\t\t<\/div>\n\t\t\n\t\t<a class=\"elementor-post__read-more\" href=\"https:\/\/www.rollladen-growe.de\/25-jahre-roltex\/\" aria-label=\"Mehr \u00fcber 25 Jahre ROLTEX\" tabindex=\"-1\" >\n\t\t\tMehr Informationen\t\t<\/a>\n\n\t\t\t\t<\/div>\n\t\t\t\t<\/article>\n\t\t\t\t<article class=\"elementor-post elementor-grid-item post-3980 post type-post status-publish format-standard has-post-thumbnail hentry category-allgemein\" role=\"listitem\">\n\t\t\t\t<a class=\"elementor-post__thumbnail__link\" href=\"https:\/\/www.rollladen-growe.de\/sommerzeit\/\" tabindex=\"-1\" >\n\t\t\t<div class=\"elementor-post__thumbnail\"><img loading=\"lazy\" decoding=\"async\" width=\"1200\" height=\"510\" src=\"https:\/\/www.rollladen-growe.de\/wp-content\/uploads\/2022\/08\/csm_news_2018_Insektenschutz_d30b4d70c5.jpeg\" class=\"attachment-full size-full wp-image-3858\" alt=\"\" srcset=\"https:\/\/www.rollladen-growe.de\/wp-content\/uploads\/2022\/08\/csm_news_2018_Insektenschutz_d30b4d70c5.jpeg 1200w, https:\/\/www.rollladen-growe.de\/wp-content\/uploads\/2022\/08\/csm_news_2018_Insektenschutz_d30b4d70c5-300x128.jpeg 300w, https:\/\/www.rollladen-growe.de\/wp-content\/uploads\/2022\/08\/csm_news_2018_Insektenschutz_d30b4d70c5-1024x435.jpeg 1024w, https:\/\/www.rollladen-growe.de\/wp-content\/uploads\/2022\/08\/csm_news_2018_Insektenschutz_d30b4d70c5-768x326.jpeg 768w\" sizes=\"(max-width: 1200px) 100vw, 1200px\" \/><\/div>\n\t\t<\/a>\n\t\t\t\t<div class=\"elementor-post__text\">\n\t\t\t\t<h3 class=\"elementor-post__title\">\n\t\t\t<a href=\"https:\/\/www.rollladen-growe.de\/sommerzeit\/\" >\n\t\t\t\tSommerzeit\t\t\t<\/a>\n\t\t<\/h3>\n\t\t\t\t<div class=\"elementor-post__excerpt\">\n\t\t\t<p>Wir sch\u00fctzen Ihre Kunden vor Plagegeistern und Pollen<\/p>\n\t\t<\/div>\n\t\t\n\t\t<a class=\"elementor-post__read-more\" href=\"https:\/\/www.rollladen-growe.de\/sommerzeit\/\" aria-label=\"Mehr \u00fcber Sommerzeit\" tabindex=\"-1\" >\n\t\t\tMehr Informationen\t\t<\/a>\n\n\t\t\t\t<\/div>\n\t\t\t\t<\/article>\n\t\t\t\t<article class=\"elementor-post elementor-grid-item post-3987 post type-post status-publish format-standard has-post-thumbnail hentry category-allgemein\" role=\"listitem\">\n\t\t\t\t<a class=\"elementor-post__thumbnail__link\" href=\"https:\/\/www.rollladen-growe.de\/rueckblick-fensterbau-frontale-2016\/\" tabindex=\"-1\" >\n\t\t\t<div class=\"elementor-post__thumbnail\"><img loading=\"lazy\" decoding=\"async\" width=\"659\" height=\"282\" src=\"https:\/\/www.rollladen-growe.de\/wp-content\/uploads\/2022\/08\/csm_IMG_2016-03-21-10_54_10_4b6c152380.jpeg\" class=\"attachment-full size-full wp-image-3988\" alt=\"\" srcset=\"https:\/\/www.rollladen-growe.de\/wp-content\/uploads\/2022\/08\/csm_IMG_2016-03-21-10_54_10_4b6c152380.jpeg 659w, https:\/\/www.rollladen-growe.de\/wp-content\/uploads\/2022\/08\/csm_IMG_2016-03-21-10_54_10_4b6c152380-300x128.jpeg 300w\" sizes=\"(max-width: 659px) 100vw, 659px\" \/><\/div>\n\t\t<\/a>\n\t\t\t\t<div class=\"elementor-post__text\">\n\t\t\t\t<h3 class=\"elementor-post__title\">\n\t\t\t<a href=\"https:\/\/www.rollladen-growe.de\/rueckblick-fensterbau-frontale-2016\/\" >\n\t\t\t\tR\u00fcckblick Fensterbau Frontale 2016\t\t\t<\/a>\n\t\t<\/h3>\n\t\t\t\t<div class=\"elementor-post__excerpt\">\n\t\t\t<p>Gemeinsam mit 1.296 Ausstellern aus 39 L\u00e4ndern pr\u00e4sentierte sich die GROWE-GRUPPE in der letzten Woche auf der Fachmesse f\u00fcr Fenster, T\u00fcren und Fassaden in N\u00fcrnberg.<\/p>\n\t\t<\/div>\n\t\t\n\t\t<a class=\"elementor-post__read-more\" href=\"https:\/\/www.rollladen-growe.de\/rueckblick-fensterbau-frontale-2016\/\" aria-label=\"Mehr \u00fcber R\u00fcckblick Fensterbau Frontale 2016\" tabindex=\"-1\" >\n\t\t\tMehr Informationen\t\t<\/a>\n\n\t\t\t\t<\/div>\n\t\t\t\t<\/article>\n\t\t\t\t<article class=\"elementor-post elementor-grid-item post-3997 post type-post status-publish format-standard has-post-thumbnail hentry category-allgemein\" role=\"listitem\">\n\t\t\t\t<a class=\"elementor-post__thumbnail__link\" href=\"https:\/\/www.rollladen-growe.de\/fensterbau-frontale-2016-2\/\" tabindex=\"-1\" >\n\t\t\t<div class=\"elementor-post__thumbnail\"><img loading=\"lazy\" decoding=\"async\" width=\"1200\" height=\"314\" src=\"https:\/\/www.rollladen-growe.de\/wp-content\/uploads\/2022\/08\/Messe_1200x314.jpeg\" class=\"attachment-full size-full wp-image-3864\" alt=\"\" srcset=\"https:\/\/www.rollladen-growe.de\/wp-content\/uploads\/2022\/08\/Messe_1200x314.jpeg 1200w, https:\/\/www.rollladen-growe.de\/wp-content\/uploads\/2022\/08\/Messe_1200x314-300x79.jpeg 300w, https:\/\/www.rollladen-growe.de\/wp-content\/uploads\/2022\/08\/Messe_1200x314-1024x268.jpeg 1024w, https:\/\/www.rollladen-growe.de\/wp-content\/uploads\/2022\/08\/Messe_1200x314-768x201.jpeg 768w\" sizes=\"(max-width: 1200px) 100vw, 1200px\" \/><\/div>\n\t\t<\/a>\n\t\t\t\t<div class=\"elementor-post__text\">\n\t\t\t\t<h3 class=\"elementor-post__title\">\n\t\t\t<a href=\"https:\/\/www.rollladen-growe.de\/fensterbau-frontale-2016-2\/\" >\n\t\t\t\tFensterbau Frontale 2016\t\t\t<\/a>\n\t\t<\/h3>\n\t\t\t\t<div class=\"elementor-post__excerpt\">\n\t\t\t<p>In der Zeit vom 16.3.\u201319.3.2016 \u00f6ffnet die FENSTERBAU FRONTALE wieder ihre Tore. Dabei handelt es sich um DIE Fachmesse rund um das Thema Fenster, T\u00fcren und Fassaden.<\/p>\n\t\t<\/div>\n\t\t\n\t\t<a class=\"elementor-post__read-more\" href=\"https:\/\/www.rollladen-growe.de\/fensterbau-frontale-2016-2\/\" aria-label=\"Mehr \u00fcber Fensterbau Frontale 2016\" tabindex=\"-1\" >\n\t\t\tMehr Informationen\t\t<\/a>\n\n\t\t\t\t<\/div>\n\t\t\t\t<\/article>\n\t\t\t\t<article class=\"elementor-post elementor-grid-item post-4002 post type-post status-publish format-standard has-post-thumbnail hentry category-allgemein\" role=\"listitem\">\n\t\t\t\t<a class=\"elementor-post__thumbnail__link\" href=\"https:\/\/www.rollladen-growe.de\/gute-gruende\/\" tabindex=\"-1\" >\n\t\t\t<div class=\"elementor-post__thumbnail\"><img loading=\"lazy\" decoding=\"async\" width=\"659\" height=\"282\" src=\"https:\/\/www.rollladen-growe.de\/wp-content\/uploads\/2022\/08\/csm_Fotolia_30037061_S_2ce84e4f5d.jpeg\" class=\"attachment-full size-full wp-image-4003\" alt=\"\" srcset=\"https:\/\/www.rollladen-growe.de\/wp-content\/uploads\/2022\/08\/csm_Fotolia_30037061_S_2ce84e4f5d.jpeg 659w, https:\/\/www.rollladen-growe.de\/wp-content\/uploads\/2022\/08\/csm_Fotolia_30037061_S_2ce84e4f5d-300x128.jpeg 300w\" sizes=\"(max-width: 659px) 100vw, 659px\" \/><\/div>\n\t\t<\/a>\n\t\t\t\t<div class=\"elementor-post__text\">\n\t\t\t\t<h3 class=\"elementor-post__title\">\n\t\t\t<a href=\"https:\/\/www.rollladen-growe.de\/gute-gruende\/\" >\n\t\t\t\tGute Gr\u00fcnde\t\t\t<\/a>\n\t\t<\/h3>\n\t\t\t\t<div class=\"elementor-post__excerpt\">\n\t\t\t<p>Sie sind noch keine GROWE Fachh\u00e4ndler?! Es gibt eine Reihe guter Gr\u00fcnde, die f\u00fcr eine Partnerschaft mit uns sprechen.<\/p>\n\t\t<\/div>\n\t\t\n\t\t<a class=\"elementor-post__read-more\" href=\"https:\/\/www.rollladen-growe.de\/gute-gruende\/\" aria-label=\"Mehr \u00fcber Gute Gr\u00fcnde\" tabindex=\"-1\" >\n\t\t\tMehr Informationen\t\t<\/a>\n\n\t\t\t\t<\/div>\n\t\t\t\t<\/article>\n\t\t\t\t<\/div>\n\t\t\n\t\t\t\t\t\t<\/div>\n\t\t\t\t<\/div>\n\t\t\t\t\t<\/div>\n\t\t<\/div>\n\t\t\t\t\t<\/div>\n\t\t<\/section>\n\t\t\t\t\t<\/div>\n\t\t<\/div>\n\t\t\t\t\t<\/div>\n\t\t<\/section>\n\t\t\t\t<\/div>\n\t\t","protected":false},"excerpt":{"rendered":"<p>News<\/p>\n","protected":false},"author":1,"featured_media":0,"parent":0,"menu_order":6,"comment_status":"closed","ping_status":"closed","template":"","meta":{"_acf_changed":false,"footnotes":""},"class_list":["post-1714","page","type-page","status-publish","hentry"],"acf":[],"_links":{"self":[{"href":"https:\/\/www.rollladen-growe.de\/api\/wp\/v2\/pages\/1714","targetHints":{"allow":["GET"]}}],"collection":[{"href":"https:\/\/www.rollladen-growe.de\/api\/wp\/v2\/pages"}],"about":[{"href":"https:\/\/www.rollladen-growe.de\/api\/wp\/v2\/types\/page"}],"author":[{"embeddable":true,"href":"https:\/\/www.rollladen-growe.de\/api\/wp\/v2\/users\/1"}],"replies":[{"embeddable":true,"href":"https:\/\/www.rollladen-growe.de\/api\/wp\/v2\/comments?post=1714"}],"version-history":[{"count":197,"href":"https:\/\/www.rollladen-growe.de\/api\/wp\/v2\/pages\/1714\/revisions"}],"predecessor-version":[{"id":9281,"href":"https:\/\/www.rollladen-growe.de\/api\/wp\/v2\/pages\/1714\/revisions\/9281"}],"wp:attachment":[{"href":"https:\/\/www.rollladen-growe.de\/api\/wp\/v2\/media?parent=1714"}],"curies":[{"name":"wp","href":"https:\/\/api.w.org\/{rel}","templated":true}]}}